{"id":772,"date":"2022-09-09T14:43:56","date_gmt":"2022-09-09T14:43:56","guid":{"rendered":"https:\/\/semanamundial.com\/?page_id=772"},"modified":"2022-10-05T10:30:49","modified_gmt":"2022-10-05T10:30:49","slug":"novetats","status":"publish","type":"page","link":"https:\/\/semanamundial.com\/ca\/novetats\/","title":{"rendered":"Novetats"},"content":{"rendered":"\t\t<div data-elementor-type=\"wp-page\" data-elementor-id=\"772\" class=\"elementor elementor-772 elementor-668\">\n\t\t\t\t\t\t<section class=\"elementor-section elementor-top-section elementor-element elementor-element-4fcf650 elementor-section-boxed elementor-section-height-default elementor-section-height-default\" data-id=\"4fcf650\" data-element_type=\"section\">\n\t\t\t\t\t\t<div class=\"elementor-container elementor-column-gap-default\">\n\t\t\t\t\t<div class=\"aux-parallax-section elementor-column elementor-col-100 elementor-top-column elementor-element elementor-element-4d83b97\" data-id=\"4d83b97\" data-element_type=\"column\">\n\t\t\t<div class=\"elementor-widget-wrap elementor-element-populated\">\n\t\t\t\t\t\t\t<\/div>\n\t\t<\/div>\n\t\t\t\t\t<\/div>\n\t\t<\/section>\n\t\t\t\t<section class=\"elementor-section elementor-top-section elementor-element elementor-element-a487a81 elementor-section-boxed elementor-section-height-default elementor-section-height-default\" data-id=\"a487a81\" data-element_type=\"section\">\n\t\t\t\t\t\t<div class=\"elementor-container elementor-column-gap-default\">\n\t\t\t\t\t<div class=\"aux-parallax-section elementor-column elementor-col-100 elementor-top-column elementor-element elementor-element-a66069c\" data-id=\"a66069c\" data-element_type=\"column\">\n\t\t\t<div class=\"elementor-widget-wrap elementor-element-populated\">\n\t\t\t\t\t\t<div class=\"elementor-element elementor-element-7bb84af elementor-widget elementor-widget-image\" data-id=\"7bb84af\" data-element_type=\"widget\" data-widget_type=\"image.default\">\n\t\t\t\t<div class=\"elementor-widget-container\">\n\t\t\t\t\t\t\t\t\t\t\t\t\t\t\t<img decoding=\"async\" src=\"https:\/\/semanamundial.com\/wp-content\/uploads\/elementor\/thumbs\/Novetats-pvrg12d826d59vcf1kpb06l9qrfif27wdka82hp6dk.jpg\" title=\"Novetats\" alt=\"Novetats\" loading=\"lazy\" \/>\t\t\t\t\t\t\t\t\t\t\t\t\t\t\t<\/div>\n\t\t\t\t<\/div>\n\t\t\t\t\t<\/div>\n\t\t<\/div>\n\t\t\t\t\t<\/div>\n\t\t<\/section>\n\t\t\t\t<section class=\"elementor-section elementor-top-section elementor-element elementor-element-9d3f289 elementor-section-boxed elementor-section-height-default elementor-section-height-default\" data-id=\"9d3f289\" data-element_type=\"section\">\n\t\t\t\t\t\t<div class=\"elementor-container elementor-column-gap-default\">\n\t\t\t\t\t<div class=\"aux-parallax-section elementor-column elementor-col-100 elementor-top-column elementor-element elementor-element-fa001f0\" data-id=\"fa001f0\" data-element_type=\"column\">\n\t\t\t<div class=\"elementor-widget-wrap elementor-element-populated\">\n\t\t\t\t\t\t<div class=\"elementor-element elementor-element-4dbd0e5 elementor-widget elementor-widget-text-editor\" data-id=\"4dbd0e5\" data-element_type=\"widget\" data-widget_type=\"text-editor.default\">\n\t\t\t\t<div class=\"elementor-widget-container\">\n\t\t\t\t\t\t\t\t\t<p>\u00c9s gaireb\u00e9 una obligaci\u00f3 que una Setmana Mundial dedicada a la innovaci\u00f3 proposi noves maneres de gaudir de l&#8217;esdeveniment. Una de les transformacions que proposa aquesta edici\u00f3 de la festa de la mediaci\u00f3 \u00e9s oferir una via oberta a la participaci\u00f3 de tots els assistents que ho desitgin.<\/p>\n<p>Per a aix\u00f2 \u00e9s imprescindible imprimir l&#8217;acreditaci\u00f3 per a accedir a l&#8217;esdeveniment, ja que en aquesta ocasi\u00f3 no sols ens permetr\u00e0 accedir al Teatre Nacional de Catalunya (TNC). Una vegada que h\u00e0gim superat en control de l&#8217;entrada haurem d&#8217;escanejar des del nostre <em>smartphone<\/em> el codi QR personalitzat que apareix en la nostra acreditaci\u00f3 i que ens obrir\u00e0 la porta a tot un seguit d&#8217;experi\u00e8ncies interactives que es desenvoluparan al llarg de la tarda-nit.<\/p>\n<p>La posada en escena tamb\u00e9 presenta novetats amb la pres\u00e8ncia d&#8217;una pantalla de grans dimensions i d&#8217;altres elements que faran possible una personalitzaci\u00f3 dels diferents continguts sobre innovaci\u00f3 que s&#8217;oferiran al llarg de la sessi\u00f3.<\/p>\n<p>Comptarem amb actuacions musicals de format breu molt innovadores i que, no obstant aix\u00f2, formen part de la hist\u00f2ria de la m\u00fasica. Tamb\u00e9 contemplarem les implicacions de la innovaci\u00f3 des d&#8217;una perspectiva desenfadada i de la m\u00e0 d&#8217;un dels monologuistes m\u00e9s brillants del pa\u00eds.<\/p>\n<p>La tecnologia far\u00e0 possible que entre tots els assistents constru\u00efm una petita pe\u00e7a art\u00edstica i, els que hagin estat m\u00e9s atents a tot el que ens expliquin en les xerrades Ted Talk i s&#8217;ali\u00efn amb la fortuna podran emportar-se a casa un vehicle innovador i sostenible. Per a con\u00e8ixer la resta de novetats haur\u00e0s d&#8217;assistir el 25 d&#8217;octubre a la Setmana Mundial i deixar-te sorprendre.<\/p>\n\t\t\t\t\t\t\t\t<\/div>\n\t\t\t\t<\/div>\n\t\t\t\t\t<\/div>\n\t\t<\/div>\n\t\t\t\t\t<\/div>\n\t\t<\/section>\n\t\t\t\t<\/div>\n\t\t","protected":false},"excerpt":{"rendered":"<p>\u00c9s gaireb\u00e9 una obligaci\u00f3 que una Setmana Mundial dedicada a la innovaci\u00f3 proposi noves maneres de gaudir de l&#8217;esdeveniment. Una de les transformacions que proposa aquesta edici\u00f3 de la festa de la mediaci\u00f3 \u00e9s oferir una via oberta a la participaci\u00f3 de tots els assistents que ho desitgin. Per a aix\u00f2 \u00e9s imprescindible imprimir l&#8217;acreditaci\u00f3 [&hellip;]<\/p>\n","protected":false},"author":2,"featured_media":0,"parent":0,"menu_order":0,"comment_status":"closed","ping_status":"closed","template":"","meta":{"footnotes":""},"class_list":["post-772","page","type-page","status-publish","hentry"],"yoast_head":"<!-- This site is optimized with the Yoast SEO plugin v26.6 - https:\/\/yoast.com\/wordpress\/plugins\/seo\/ -->\n<title>Novetats - Semana Mundial 2025<\/title>\n<meta name=\"robots\" content=\"index, follow, max-snippet:-1, max-image-preview:large, max-video-preview:-1\" \/>\n<link rel=\"canonical\" href=\"https:\/\/semanamundial.com\/ca\/novetats\/\" \/>\n<meta property=\"og:locale\" content=\"ca_ES\" \/>\n<meta property=\"og:type\" content=\"article\" \/>\n<meta property=\"og:title\" content=\"Novetats - Semana Mundial 2025\" \/>\n<meta property=\"og:description\" content=\"\u00c9s gaireb\u00e9 una obligaci\u00f3 que una Setmana Mundial dedicada a la innovaci\u00f3 proposi noves maneres de gaudir de l&#8217;esdeveniment. Una de les transformacions que proposa aquesta edici\u00f3 de la festa de la mediaci\u00f3 \u00e9s oferir una via oberta a la participaci\u00f3 de tots els assistents que ho desitgin. Per a aix\u00f2 \u00e9s imprescindible imprimir l&#8217;acreditaci\u00f3 [&hellip;]\" \/>\n<meta property=\"og:url\" content=\"https:\/\/semanamundial.com\/ca\/novetats\/\" \/>\n<meta property=\"og:site_name\" content=\"Semana Mundial 2025\" \/>\n<meta property=\"article:modified_time\" content=\"2022-10-05T10:30:49+00:00\" \/>\n<meta property=\"og:image\" content=\"https:\/\/semanamundial.com\/wp-content\/uploads\/elementor\/thumbs\/Novetats-pvrg12d826d59vcf1kpb06l9qrfif27wdka78q0tmo.jpg\" \/>\n<meta name=\"twitter:card\" content=\"summary_large_image\" \/>\n<meta name=\"twitter:label1\" content=\"Temps estimat de lectura\" \/>\n\t<meta name=\"twitter:data1\" content=\"1 minut\" \/>\n<script type=\"application\/ld+json\" class=\"yoast-schema-graph\">{\"@context\":\"https:\/\/schema.org\",\"@graph\":[{\"@type\":\"WebPage\",\"@id\":\"https:\/\/semanamundial.com\/ca\/novetats\/\",\"url\":\"https:\/\/semanamundial.com\/ca\/novetats\/\",\"name\":\"Novetats - Semana Mundial 2025\",\"isPartOf\":{\"@id\":\"https:\/\/semanamundial.com\/ca\/#website\"},\"primaryImageOfPage\":{\"@id\":\"https:\/\/semanamundial.com\/ca\/novetats\/#primaryimage\"},\"image\":{\"@id\":\"https:\/\/semanamundial.com\/ca\/novetats\/#primaryimage\"},\"thumbnailUrl\":\"https:\/\/semanamundial.com\/wp-content\/uploads\/elementor\/thumbs\/Novetats-pvrg12d826d59vcf1kpb06l9qrfif27wdka78q0tmo.jpg\",\"datePublished\":\"2022-09-09T14:43:56+00:00\",\"dateModified\":\"2022-10-05T10:30:49+00:00\",\"breadcrumb\":{\"@id\":\"https:\/\/semanamundial.com\/ca\/novetats\/#breadcrumb\"},\"inLanguage\":\"ca\",\"potentialAction\":[{\"@type\":\"ReadAction\",\"target\":[\"https:\/\/semanamundial.com\/ca\/novetats\/\"]}]},{\"@type\":\"ImageObject\",\"inLanguage\":\"ca\",\"@id\":\"https:\/\/semanamundial.com\/ca\/novetats\/#primaryimage\",\"url\":\"https:\/\/semanamundial.com\/wp-content\/uploads\/elementor\/thumbs\/Novetats-pvrg12d826d59vcf1kpb06l9qrfif27wdka78q0tmo.jpg\",\"contentUrl\":\"https:\/\/semanamundial.com\/wp-content\/uploads\/elementor\/thumbs\/Novetats-pvrg12d826d59vcf1kpb06l9qrfif27wdka78q0tmo.jpg\"},{\"@type\":\"BreadcrumbList\",\"@id\":\"https:\/\/semanamundial.com\/ca\/novetats\/#breadcrumb\",\"itemListElement\":[{\"@type\":\"ListItem\",\"position\":1,\"name\":\"Portada\",\"item\":\"https:\/\/semanamundial.com\/ca\/\"},{\"@type\":\"ListItem\",\"position\":2,\"name\":\"Novetats\"}]},{\"@type\":\"WebSite\",\"@id\":\"https:\/\/semanamundial.com\/ca\/#website\",\"url\":\"https:\/\/semanamundial.com\/ca\/\",\"name\":\"Semana Mundial 2025\",\"description\":\"\",\"publisher\":{\"@id\":\"https:\/\/semanamundial.com\/ca\/#organization\"},\"potentialAction\":[{\"@type\":\"SearchAction\",\"target\":{\"@type\":\"EntryPoint\",\"urlTemplate\":\"https:\/\/semanamundial.com\/ca\/?s={search_term_string}\"},\"query-input\":{\"@type\":\"PropertyValueSpecification\",\"valueRequired\":true,\"valueName\":\"search_term_string\"}}],\"inLanguage\":\"ca\"},{\"@type\":\"Organization\",\"@id\":\"https:\/\/semanamundial.com\/ca\/#organization\",\"name\":\"Semana Mundial 2025\",\"url\":\"https:\/\/semanamundial.com\/ca\/\",\"logo\":{\"@type\":\"ImageObject\",\"inLanguage\":\"ca\",\"@id\":\"https:\/\/semanamundial.com\/ca\/#\/schema\/logo\/image\/\",\"url\":\"https:\/\/semanamundial.com\/wp-content\/uploads\/2025\/03\/LOGOS-SM24-CAT-05-e1743008465107.png\",\"contentUrl\":\"https:\/\/semanamundial.com\/wp-content\/uploads\/2025\/03\/LOGOS-SM24-CAT-05-e1743008465107.png\",\"width\":150,\"height\":102,\"caption\":\"Semana Mundial 2025\"},\"image\":{\"@id\":\"https:\/\/semanamundial.com\/ca\/#\/schema\/logo\/image\/\"}}]}<\/script>\n<!-- \/ Yoast SEO plugin. -->","yoast_head_json":{"title":"Novetats - Semana Mundial 2025","robots":{"index":"index","follow":"follow","max-snippet":"max-snippet:-1","max-image-preview":"max-image-preview:large","max-video-preview":"max-video-preview:-1"},"canonical":"https:\/\/semanamundial.com\/ca\/novetats\/","og_locale":"ca_ES","og_type":"article","og_title":"Novetats - Semana Mundial 2025","og_description":"\u00c9s gaireb\u00e9 una obligaci\u00f3 que una Setmana Mundial dedicada a la innovaci\u00f3 proposi noves maneres de gaudir de l&#8217;esdeveniment. Una de les transformacions que proposa aquesta edici\u00f3 de la festa de la mediaci\u00f3 \u00e9s oferir una via oberta a la participaci\u00f3 de tots els assistents que ho desitgin. Per a aix\u00f2 \u00e9s imprescindible imprimir l&#8217;acreditaci\u00f3 [&hellip;]","og_url":"https:\/\/semanamundial.com\/ca\/novetats\/","og_site_name":"Semana Mundial 2025","article_modified_time":"2022-10-05T10:30:49+00:00","og_image":[{"url":"https:\/\/semanamundial.com\/wp-content\/uploads\/elementor\/thumbs\/Novetats-pvrg12d826d59vcf1kpb06l9qrfif27wdka78q0tmo.jpg","type":"","width":"","height":""}],"twitter_card":"summary_large_image","twitter_misc":{"Temps estimat de lectura":"1 minut"},"schema":{"@context":"https:\/\/schema.org","@graph":[{"@type":"WebPage","@id":"https:\/\/semanamundial.com\/ca\/novetats\/","url":"https:\/\/semanamundial.com\/ca\/novetats\/","name":"Novetats - Semana Mundial 2025","isPartOf":{"@id":"https:\/\/semanamundial.com\/ca\/#website"},"primaryImageOfPage":{"@id":"https:\/\/semanamundial.com\/ca\/novetats\/#primaryimage"},"image":{"@id":"https:\/\/semanamundial.com\/ca\/novetats\/#primaryimage"},"thumbnailUrl":"https:\/\/semanamundial.com\/wp-content\/uploads\/elementor\/thumbs\/Novetats-pvrg12d826d59vcf1kpb06l9qrfif27wdka78q0tmo.jpg","datePublished":"2022-09-09T14:43:56+00:00","dateModified":"2022-10-05T10:30:49+00:00","breadcrumb":{"@id":"https:\/\/semanamundial.com\/ca\/novetats\/#breadcrumb"},"inLanguage":"ca","potentialAction":[{"@type":"ReadAction","target":["https:\/\/semanamundial.com\/ca\/novetats\/"]}]},{"@type":"ImageObject","inLanguage":"ca","@id":"https:\/\/semanamundial.com\/ca\/novetats\/#primaryimage","url":"https:\/\/semanamundial.com\/wp-content\/uploads\/elementor\/thumbs\/Novetats-pvrg12d826d59vcf1kpb06l9qrfif27wdka78q0tmo.jpg","contentUrl":"https:\/\/semanamundial.com\/wp-content\/uploads\/elementor\/thumbs\/Novetats-pvrg12d826d59vcf1kpb06l9qrfif27wdka78q0tmo.jpg"},{"@type":"BreadcrumbList","@id":"https:\/\/semanamundial.com\/ca\/novetats\/#breadcrumb","itemListElement":[{"@type":"ListItem","position":1,"name":"Portada","item":"https:\/\/semanamundial.com\/ca\/"},{"@type":"ListItem","position":2,"name":"Novetats"}]},{"@type":"WebSite","@id":"https:\/\/semanamundial.com\/ca\/#website","url":"https:\/\/semanamundial.com\/ca\/","name":"Semana Mundial 2025","description":"","publisher":{"@id":"https:\/\/semanamundial.com\/ca\/#organization"},"potentialAction":[{"@type":"SearchAction","target":{"@type":"EntryPoint","urlTemplate":"https:\/\/semanamundial.com\/ca\/?s={search_term_string}"},"query-input":{"@type":"PropertyValueSpecification","valueRequired":true,"valueName":"search_term_string"}}],"inLanguage":"ca"},{"@type":"Organization","@id":"https:\/\/semanamundial.com\/ca\/#organization","name":"Semana Mundial 2025","url":"https:\/\/semanamundial.com\/ca\/","logo":{"@type":"ImageObject","inLanguage":"ca","@id":"https:\/\/semanamundial.com\/ca\/#\/schema\/logo\/image\/","url":"https:\/\/semanamundial.com\/wp-content\/uploads\/2025\/03\/LOGOS-SM24-CAT-05-e1743008465107.png","contentUrl":"https:\/\/semanamundial.com\/wp-content\/uploads\/2025\/03\/LOGOS-SM24-CAT-05-e1743008465107.png","width":150,"height":102,"caption":"Semana Mundial 2025"},"image":{"@id":"https:\/\/semanamundial.com\/ca\/#\/schema\/logo\/image\/"}}]}},"_links":{"self":[{"href":"https:\/\/semanamundial.com\/ca\/wp-json\/wp\/v2\/pages\/772","targetHints":{"allow":["GET"]}}],"collection":[{"href":"https:\/\/semanamundial.com\/ca\/wp-json\/wp\/v2\/pages"}],"about":[{"href":"https:\/\/semanamundial.com\/ca\/wp-json\/wp\/v2\/types\/page"}],"author":[{"embeddable":true,"href":"https:\/\/semanamundial.com\/ca\/wp-json\/wp\/v2\/users\/2"}],"replies":[{"embeddable":true,"href":"https:\/\/semanamundial.com\/ca\/wp-json\/wp\/v2\/comments?post=772"}],"version-history":[{"count":10,"href":"https:\/\/semanamundial.com\/ca\/wp-json\/wp\/v2\/pages\/772\/revisions"}],"predecessor-version":[{"id":935,"href":"https:\/\/semanamundial.com\/ca\/wp-json\/wp\/v2\/pages\/772\/revisions\/935"}],"wp:attachment":[{"href":"https:\/\/semanamundial.com\/ca\/wp-json\/wp\/v2\/media?parent=772"}],"curies":[{"name":"wp","href":"https:\/\/api.w.org\/{rel}","templated":true}]}}