{"id":768,"date":"2022-09-09T14:40:36","date_gmt":"2022-09-09T14:40:36","guid":{"rendered":"https:\/\/semanamundial.com\/?page_id=768"},"modified":"2022-10-05T10:27:36","modified_gmt":"2022-10-05T10:27:36","slug":"actitud-innovadora","status":"publish","type":"page","link":"https:\/\/semanamundial.com\/ca\/actitud-innovadora\/","title":{"rendered":"Actitud innovadora"},"content":{"rendered":"\t\t<div data-elementor-type=\"wp-page\" data-elementor-id=\"768\" class=\"elementor elementor-768 elementor-660\">\n\t\t\t\t\t\t<section class=\"elementor-section elementor-top-section elementor-element elementor-element-6d12fb5 elementor-section-boxed elementor-section-height-default elementor-section-height-default\" data-id=\"6d12fb5\" data-element_type=\"section\">\n\t\t\t\t\t\t<div class=\"elementor-container elementor-column-gap-default\">\n\t\t\t\t\t<div class=\"aux-parallax-section elementor-column elementor-col-100 elementor-top-column elementor-element elementor-element-1eb405f\" data-id=\"1eb405f\" data-element_type=\"column\">\n\t\t\t<div class=\"elementor-widget-wrap\">\n\t\t\t\t\t\t\t<\/div>\n\t\t<\/div>\n\t\t\t\t\t<\/div>\n\t\t<\/section>\n\t\t\t\t<section class=\"elementor-section elementor-top-section elementor-element elementor-element-50a4736 elementor-section-boxed elementor-section-height-default elementor-section-height-default\" data-id=\"50a4736\" data-element_type=\"section\">\n\t\t\t\t\t\t<div class=\"elementor-container elementor-column-gap-default\">\n\t\t\t\t\t<div class=\"aux-parallax-section elementor-column elementor-col-100 elementor-top-column elementor-element elementor-element-4b5dba7\" data-id=\"4b5dba7\" data-element_type=\"column\">\n\t\t\t<div class=\"elementor-widget-wrap elementor-element-populated\">\n\t\t\t\t\t\t<div class=\"elementor-element elementor-element-1277c2f elementor-widget elementor-widget-image\" data-id=\"1277c2f\" data-element_type=\"widget\" data-widget_type=\"image.default\">\n\t\t\t\t<div class=\"elementor-widget-container\">\n\t\t\t\t\t\t\t\t\t\t\t\t\t\t\t<img decoding=\"async\" src=\"https:\/\/semanamundial.com\/wp-content\/uploads\/elementor\/thumbs\/Actitud-Innovadora-ESP-pvrg6fzz61q7pjj5mweg9tq844x4gpkls6o8xhq2rs.jpg\" title=\"Actitud Innovadora ESP\" alt=\"Actitud Innovadora ESP\" loading=\"lazy\" \/>\t\t\t\t\t\t\t\t\t\t\t\t\t\t\t<\/div>\n\t\t\t\t<\/div>\n\t\t\t\t\t<\/div>\n\t\t<\/div>\n\t\t\t\t\t<\/div>\n\t\t<\/section>\n\t\t\t\t<section class=\"elementor-section elementor-top-section elementor-element elementor-element-583ec3d elementor-section-boxed elementor-section-height-default elementor-section-height-default\" data-id=\"583ec3d\" data-element_type=\"section\">\n\t\t\t\t\t\t<div class=\"elementor-container elementor-column-gap-default\">\n\t\t\t\t\t<div class=\"aux-parallax-section elementor-column elementor-col-100 elementor-top-column elementor-element elementor-element-250c14b\" data-id=\"250c14b\" data-element_type=\"column\">\n\t\t\t<div class=\"elementor-widget-wrap elementor-element-populated\">\n\t\t\t\t\t\t<div class=\"elementor-element elementor-element-3a07588 elementor-widget elementor-widget-text-editor\" data-id=\"3a07588\" data-element_type=\"widget\" data-widget_type=\"text-editor.default\">\n\t\t\t\t<div class=\"elementor-widget-container\">\n\t\t\t\t\t\t\t\t\t<p>La Setmana Mundial 2022 vol mirar, m\u00e9s que mai al futur. El lloc en el que viurem dem\u00e0, per\u00f2 que constru\u00efm avui. Ara mateix. El futur de les empreses no pot dependre d&#8217;un c\u00famul de circumst\u00e0ncies, d&#8217;un cop de sort o, encara menys, d&#8217;una successi\u00f3 de desgr\u00e0cies. De les decisions que prenem avui, en dep\u00e8n, en bona part, el que succeir\u00e0 dem\u00e0.<\/p>\n<p>El futur \u00e9s una cosa incerta. Sempre ho ha estat, encara que molts s&#8217;obstinin a considerar-ho una cosa derivada del signe dels nostres temps. Per\u00f2 la veritat \u00e9s que mai ning\u00fa ha pogut saber avui de manera infal\u00b7lible el que viurem dem\u00e0. Encara aix\u00ed, s\u00ed que podem identificar algunes constants que han funcionat i funcionaran sempre. No s\u00f3n accions concretes o f\u00f3rmules m\u00e0giques. En absolut. Tenen m\u00e9s a veure amb l&#8217;actitud, amb l&#8217;ADN permanent al qual aspiren tots projectes empresarials. El veritable motor de qualsevol negoci.<\/p>\n<p>Si alguna cosa ens ha ensenyat el passat \u00e9s que la superviv\u00e8ncia i el creixement estan estretament vinculats amb la capacitat d&#8217;innovar. Tenir una actitud innovadora \u00e9s b\u00e0sic per a progressar. L&#8217;evoluci\u00f3 de les empreses, dels sectors, de l&#8217;economia en el seu conjunt dep\u00e8n de la innovaci\u00f3. Un fenomen relacionat amb la tecnologia per\u00f2 que, en realitat, va molt m\u00e9s all\u00e0.<\/p>\n<p>Es pot i es deu innovar en els processos, en la gesti\u00f3, en els productes, en els serveis, \u2026, en definitiva, en tots els \u00e0mbits d&#8217;actuaci\u00f3 de l&#8217;empresa. En molts casos, la tecnologia \u00e9s present. En uns altres, simplement, s\u00f3n transformacions que ens fan m\u00e9s eficaces i tamb\u00e9 m\u00e9s eficients sense que intervingui cap transformaci\u00f3 tecnol\u00f2gica. El rellevant \u00e9s que l&#8217;actitud innovadora envaeixi les ments de totes les persones que componen una empresa.<\/p>\n<p>La innovaci\u00f3 ser\u00e0 l&#8217;eix sobre el qual girar\u00e0 aquesta nova edici\u00f3 la Setmana Mundial, que est\u00e0 imbu\u00efda per aquesta actitud innovadora i ens proposa molts canvis en l&#8217;esdeveniment. No tindrem debat de CEOS i, en el seu lloc, 10 companyia ens parlessin sobre els seus models d&#8217;innovaci\u00f3 a trav\u00e9s d&#8217;una s\u00e8rie de xerrades <em>Ted Talk<\/em> de menys de 10 minuts de durada cadascuna. Una presentaci\u00f3 que proporcionar\u00e0 continguts molt interessants i que es desenvoluparan sobre l&#8217;escenari de Teatre Nacional de Catalunya (TNC), que per segon any consecutiu ser\u00e0 la casa de tots els mediadors.<\/p>\n<p>Us espero a tots per a gaudir, un any m\u00e9s, de la Setmana Mundial i de la fortuna que compartim de tenir la millor professi\u00f3 del m\u00f3n. Reservar la vostra pla\u00e7a en aquesta web.<\/p>\n<p>Ens veiem el 25 d&#8217;octubre en el TNC.<\/p>\n<p>Francesc Santasusana<br \/>\nPresident del Col\u00b7legi de Mediadors d\u2019Assegurances de Barcelona<\/p>\n\t\t\t\t\t\t\t\t<\/div>\n\t\t\t\t<\/div>\n\t\t\t\t\t<\/div>\n\t\t<\/div>\n\t\t\t\t\t<\/div>\n\t\t<\/section>\n\t\t\t\t<section class=\"elementor-section elementor-top-section elementor-element elementor-element-bb05710 elementor-section-boxed elementor-section-height-default elementor-section-height-default\" data-id=\"bb05710\" data-element_type=\"section\">\n\t\t\t\t\t\t<div class=\"elementor-container elementor-column-gap-default\">\n\t\t\t\t\t<div class=\"aux-parallax-section elementor-column elementor-col-100 elementor-top-column elementor-element elementor-element-7c19e1c\" data-id=\"7c19e1c\" data-element_type=\"column\">\n\t\t\t<div class=\"elementor-widget-wrap elementor-element-populated\">\n\t\t\t\t\t\t<div class=\"elementor-element elementor-element-114cc08 elementor-widget elementor-widget-image\" data-id=\"114cc08\" data-element_type=\"widget\" data-widget_type=\"image.default\">\n\t\t\t\t<div class=\"elementor-widget-container\">\n\t\t\t\t\t\t\t\t\t\t\t\t\t\t\t<img decoding=\"async\" src=\"https:\/\/semanamundial.com\/wp-content\/uploads\/elementor\/thumbs\/signatura_santasusana-pcpj755l2vfw2amqwtot4lezbn0y0ypd8okhbjf1t4.jpg\" title=\"signatura_santasusana\" alt=\"signatura_santasusana\" loading=\"lazy\" \/>\t\t\t\t\t\t\t\t\t\t\t\t\t\t\t<\/div>\n\t\t\t\t<\/div>\n\t\t\t\t\t<\/div>\n\t\t<\/div>\n\t\t\t\t\t<\/div>\n\t\t<\/section>\n\t\t\t\t<\/div>\n\t\t","protected":false},"excerpt":{"rendered":"<p>La Setmana Mundial 2022 vol mirar, m\u00e9s que mai al futur. El lloc en el que viurem dem\u00e0, per\u00f2 que constru\u00efm avui. Ara mateix. El futur de les empreses no pot dependre d&#8217;un c\u00famul de circumst\u00e0ncies, d&#8217;un cop de sort o, encara menys, d&#8217;una successi\u00f3 de desgr\u00e0cies. De les decisions que prenem avui, en dep\u00e8n, [&hellip;]<\/p>\n","protected":false},"author":2,"featured_media":0,"parent":0,"menu_order":0,"comment_status":"closed","ping_status":"closed","template":"elementor_header_footer","meta":{"footnotes":""},"class_list":["post-768","page","type-page","status-publish","hentry"],"yoast_head":"<!-- This site is optimized with the Yoast SEO plugin v26.6 - https:\/\/yoast.com\/wordpress\/plugins\/seo\/ -->\n<title>Actitud innovadora - Semana Mundial 2025<\/title>\n<meta name=\"robots\" content=\"index, follow, max-snippet:-1, max-image-preview:large, max-video-preview:-1\" \/>\n<link rel=\"canonical\" href=\"https:\/\/semanamundial.com\/ca\/actitud-innovadora\/\" \/>\n<meta property=\"og:locale\" content=\"ca_ES\" \/>\n<meta property=\"og:type\" content=\"article\" \/>\n<meta property=\"og:title\" content=\"Actitud innovadora - Semana Mundial 2025\" \/>\n<meta property=\"og:description\" content=\"La Setmana Mundial 2022 vol mirar, m\u00e9s que mai al futur. El lloc en el que viurem dem\u00e0, per\u00f2 que constru\u00efm avui. Ara mateix. El futur de les empreses no pot dependre d&#8217;un c\u00famul de circumst\u00e0ncies, d&#8217;un cop de sort o, encara menys, d&#8217;una successi\u00f3 de desgr\u00e0cies. De les decisions que prenem avui, en dep\u00e8n, [&hellip;]\" \/>\n<meta property=\"og:url\" content=\"https:\/\/semanamundial.com\/ca\/actitud-innovadora\/\" \/>\n<meta property=\"og:site_name\" content=\"Semana Mundial 2025\" \/>\n<meta property=\"article:modified_time\" content=\"2022-10-05T10:27:36+00:00\" \/>\n<meta property=\"og:image\" content=\"https:\/\/semanamundial.com\/wp-content\/uploads\/elementor\/thumbs\/Actitud-Innovadora-ESP-pvrg6fzz61q7pjj5mweg9tq844x4gpkls6o83q1q0w.jpg\" \/>\n<meta name=\"twitter:card\" content=\"summary_large_image\" \/>\n<meta name=\"twitter:label1\" content=\"Temps estimat de lectura\" \/>\n\t<meta name=\"twitter:data1\" content=\"2 minuts\" \/>\n<script type=\"application\/ld+json\" class=\"yoast-schema-graph\">{\"@context\":\"https:\/\/schema.org\",\"@graph\":[{\"@type\":\"WebPage\",\"@id\":\"https:\/\/semanamundial.com\/ca\/actitud-innovadora\/\",\"url\":\"https:\/\/semanamundial.com\/ca\/actitud-innovadora\/\",\"name\":\"Actitud innovadora - Semana Mundial 2025\",\"isPartOf\":{\"@id\":\"https:\/\/semanamundial.com\/ca\/#website\"},\"primaryImageOfPage\":{\"@id\":\"https:\/\/semanamundial.com\/ca\/actitud-innovadora\/#primaryimage\"},\"image\":{\"@id\":\"https:\/\/semanamundial.com\/ca\/actitud-innovadora\/#primaryimage\"},\"thumbnailUrl\":\"https:\/\/semanamundial.com\/wp-content\/uploads\/elementor\/thumbs\/Actitud-Innovadora-ESP-pvrg6fzz61q7pjj5mweg9tq844x4gpkls6o83q1q0w.jpg\",\"datePublished\":\"2022-09-09T14:40:36+00:00\",\"dateModified\":\"2022-10-05T10:27:36+00:00\",\"breadcrumb\":{\"@id\":\"https:\/\/semanamundial.com\/ca\/actitud-innovadora\/#breadcrumb\"},\"inLanguage\":\"ca\",\"potentialAction\":[{\"@type\":\"ReadAction\",\"target\":[\"https:\/\/semanamundial.com\/ca\/actitud-innovadora\/\"]}]},{\"@type\":\"ImageObject\",\"inLanguage\":\"ca\",\"@id\":\"https:\/\/semanamundial.com\/ca\/actitud-innovadora\/#primaryimage\",\"url\":\"https:\/\/semanamundial.com\/wp-content\/uploads\/elementor\/thumbs\/Actitud-Innovadora-ESP-pvrg6fzz61q7pjj5mweg9tq844x4gpkls6o83q1q0w.jpg\",\"contentUrl\":\"https:\/\/semanamundial.com\/wp-content\/uploads\/elementor\/thumbs\/Actitud-Innovadora-ESP-pvrg6fzz61q7pjj5mweg9tq844x4gpkls6o83q1q0w.jpg\"},{\"@type\":\"BreadcrumbList\",\"@id\":\"https:\/\/semanamundial.com\/ca\/actitud-innovadora\/#breadcrumb\",\"itemListElement\":[{\"@type\":\"ListItem\",\"position\":1,\"name\":\"Portada\",\"item\":\"https:\/\/semanamundial.com\/ca\/\"},{\"@type\":\"ListItem\",\"position\":2,\"name\":\"Actitud innovadora\"}]},{\"@type\":\"WebSite\",\"@id\":\"https:\/\/semanamundial.com\/ca\/#website\",\"url\":\"https:\/\/semanamundial.com\/ca\/\",\"name\":\"Semana Mundial 2025\",\"description\":\"\",\"publisher\":{\"@id\":\"https:\/\/semanamundial.com\/ca\/#organization\"},\"potentialAction\":[{\"@type\":\"SearchAction\",\"target\":{\"@type\":\"EntryPoint\",\"urlTemplate\":\"https:\/\/semanamundial.com\/ca\/?s={search_term_string}\"},\"query-input\":{\"@type\":\"PropertyValueSpecification\",\"valueRequired\":true,\"valueName\":\"search_term_string\"}}],\"inLanguage\":\"ca\"},{\"@type\":\"Organization\",\"@id\":\"https:\/\/semanamundial.com\/ca\/#organization\",\"name\":\"Semana Mundial 2025\",\"url\":\"https:\/\/semanamundial.com\/ca\/\",\"logo\":{\"@type\":\"ImageObject\",\"inLanguage\":\"ca\",\"@id\":\"https:\/\/semanamundial.com\/ca\/#\/schema\/logo\/image\/\",\"url\":\"https:\/\/semanamundial.com\/wp-content\/uploads\/2025\/03\/LOGOS-SM24-CAT-05-e1743008465107.png\",\"contentUrl\":\"https:\/\/semanamundial.com\/wp-content\/uploads\/2025\/03\/LOGOS-SM24-CAT-05-e1743008465107.png\",\"width\":150,\"height\":102,\"caption\":\"Semana Mundial 2025\"},\"image\":{\"@id\":\"https:\/\/semanamundial.com\/ca\/#\/schema\/logo\/image\/\"}}]}<\/script>\n<!-- \/ Yoast SEO plugin. -->","yoast_head_json":{"title":"Actitud innovadora - Semana Mundial 2025","robots":{"index":"index","follow":"follow","max-snippet":"max-snippet:-1","max-image-preview":"max-image-preview:large","max-video-preview":"max-video-preview:-1"},"canonical":"https:\/\/semanamundial.com\/ca\/actitud-innovadora\/","og_locale":"ca_ES","og_type":"article","og_title":"Actitud innovadora - Semana Mundial 2025","og_description":"La Setmana Mundial 2022 vol mirar, m\u00e9s que mai al futur. El lloc en el que viurem dem\u00e0, per\u00f2 que constru\u00efm avui. Ara mateix. El futur de les empreses no pot dependre d&#8217;un c\u00famul de circumst\u00e0ncies, d&#8217;un cop de sort o, encara menys, d&#8217;una successi\u00f3 de desgr\u00e0cies. De les decisions que prenem avui, en dep\u00e8n, [&hellip;]","og_url":"https:\/\/semanamundial.com\/ca\/actitud-innovadora\/","og_site_name":"Semana Mundial 2025","article_modified_time":"2022-10-05T10:27:36+00:00","og_image":[{"url":"https:\/\/semanamundial.com\/wp-content\/uploads\/elementor\/thumbs\/Actitud-Innovadora-ESP-pvrg6fzz61q7pjj5mweg9tq844x4gpkls6o83q1q0w.jpg","type":"","width":"","height":""}],"twitter_card":"summary_large_image","twitter_misc":{"Temps estimat de lectura":"2 minuts"},"schema":{"@context":"https:\/\/schema.org","@graph":[{"@type":"WebPage","@id":"https:\/\/semanamundial.com\/ca\/actitud-innovadora\/","url":"https:\/\/semanamundial.com\/ca\/actitud-innovadora\/","name":"Actitud innovadora - Semana Mundial 2025","isPartOf":{"@id":"https:\/\/semanamundial.com\/ca\/#website"},"primaryImageOfPage":{"@id":"https:\/\/semanamundial.com\/ca\/actitud-innovadora\/#primaryimage"},"image":{"@id":"https:\/\/semanamundial.com\/ca\/actitud-innovadora\/#primaryimage"},"thumbnailUrl":"https:\/\/semanamundial.com\/wp-content\/uploads\/elementor\/thumbs\/Actitud-Innovadora-ESP-pvrg6fzz61q7pjj5mweg9tq844x4gpkls6o83q1q0w.jpg","datePublished":"2022-09-09T14:40:36+00:00","dateModified":"2022-10-05T10:27:36+00:00","breadcrumb":{"@id":"https:\/\/semanamundial.com\/ca\/actitud-innovadora\/#breadcrumb"},"inLanguage":"ca","potentialAction":[{"@type":"ReadAction","target":["https:\/\/semanamundial.com\/ca\/actitud-innovadora\/"]}]},{"@type":"ImageObject","inLanguage":"ca","@id":"https:\/\/semanamundial.com\/ca\/actitud-innovadora\/#primaryimage","url":"https:\/\/semanamundial.com\/wp-content\/uploads\/elementor\/thumbs\/Actitud-Innovadora-ESP-pvrg6fzz61q7pjj5mweg9tq844x4gpkls6o83q1q0w.jpg","contentUrl":"https:\/\/semanamundial.com\/wp-content\/uploads\/elementor\/thumbs\/Actitud-Innovadora-ESP-pvrg6fzz61q7pjj5mweg9tq844x4gpkls6o83q1q0w.jpg"},{"@type":"BreadcrumbList","@id":"https:\/\/semanamundial.com\/ca\/actitud-innovadora\/#breadcrumb","itemListElement":[{"@type":"ListItem","position":1,"name":"Portada","item":"https:\/\/semanamundial.com\/ca\/"},{"@type":"ListItem","position":2,"name":"Actitud innovadora"}]},{"@type":"WebSite","@id":"https:\/\/semanamundial.com\/ca\/#website","url":"https:\/\/semanamundial.com\/ca\/","name":"Semana Mundial 2025","description":"","publisher":{"@id":"https:\/\/semanamundial.com\/ca\/#organization"},"potentialAction":[{"@type":"SearchAction","target":{"@type":"EntryPoint","urlTemplate":"https:\/\/semanamundial.com\/ca\/?s={search_term_string}"},"query-input":{"@type":"PropertyValueSpecification","valueRequired":true,"valueName":"search_term_string"}}],"inLanguage":"ca"},{"@type":"Organization","@id":"https:\/\/semanamundial.com\/ca\/#organization","name":"Semana Mundial 2025","url":"https:\/\/semanamundial.com\/ca\/","logo":{"@type":"ImageObject","inLanguage":"ca","@id":"https:\/\/semanamundial.com\/ca\/#\/schema\/logo\/image\/","url":"https:\/\/semanamundial.com\/wp-content\/uploads\/2025\/03\/LOGOS-SM24-CAT-05-e1743008465107.png","contentUrl":"https:\/\/semanamundial.com\/wp-content\/uploads\/2025\/03\/LOGOS-SM24-CAT-05-e1743008465107.png","width":150,"height":102,"caption":"Semana Mundial 2025"},"image":{"@id":"https:\/\/semanamundial.com\/ca\/#\/schema\/logo\/image\/"}}]}},"_links":{"self":[{"href":"https:\/\/semanamundial.com\/ca\/wp-json\/wp\/v2\/pages\/768","targetHints":{"allow":["GET"]}}],"collection":[{"href":"https:\/\/semanamundial.com\/ca\/wp-json\/wp\/v2\/pages"}],"about":[{"href":"https:\/\/semanamundial.com\/ca\/wp-json\/wp\/v2\/types\/page"}],"author":[{"embeddable":true,"href":"https:\/\/semanamundial.com\/ca\/wp-json\/wp\/v2\/users\/2"}],"replies":[{"embeddable":true,"href":"https:\/\/semanamundial.com\/ca\/wp-json\/wp\/v2\/comments?post=768"}],"version-history":[{"count":3,"href":"https:\/\/semanamundial.com\/ca\/wp-json\/wp\/v2\/pages\/768\/revisions"}],"predecessor-version":[{"id":928,"href":"https:\/\/semanamundial.com\/ca\/wp-json\/wp\/v2\/pages\/768\/revisions\/928"}],"wp:attachment":[{"href":"https:\/\/semanamundial.com\/ca\/wp-json\/wp\/v2\/media?parent=768"}],"curies":[{"name":"wp","href":"https:\/\/api.w.org\/{rel}","templated":true}]}}