{"id":2061,"date":"2025-07-22T17:48:42","date_gmt":"2025-07-22T15:48:42","guid":{"rendered":"https:\/\/semanamundial.com\/?page_id=2061"},"modified":"2025-07-23T10:50:07","modified_gmt":"2025-07-23T08:50:07","slug":"dialegs-entre-la-tecnologia-i-lhumanisme","status":"publish","type":"page","link":"https:\/\/semanamundial.com\/ca\/dialegs-entre-la-tecnologia-i-lhumanisme\/","title":{"rendered":"DI\u00c0LEGS ENTRE LA TECNOLOGIA I L\u2019HUMANISME"},"content":{"rendered":"\t\t<div data-elementor-type=\"wp-page\" data-elementor-id=\"2061\" class=\"elementor elementor-2061\">\n\t\t\t\t\t\t<section class=\"elementor-section elementor-top-section elementor-element elementor-element-46a32e90 elementor-section-boxed elementor-section-height-default elementor-section-height-default\" data-id=\"46a32e90\" data-element_type=\"section\">\n\t\t\t\t\t\t<div class=\"elementor-container elementor-column-gap-default\">\n\t\t\t\t\t<div class=\"aux-parallax-section elementor-column elementor-col-100 elementor-top-column elementor-element elementor-element-42472efd\" data-id=\"42472efd\" data-element_type=\"column\">\n\t\t\t<div class=\"elementor-widget-wrap elementor-element-populated\">\n\t\t\t\t\t\t<div class=\"elementor-element elementor-element-13637bed elementor-widget elementor-widget-heading\" data-id=\"13637bed\" data-element_type=\"widget\" data-widget_type=\"heading.default\">\n\t\t\t\t<div class=\"elementor-widget-container\">\n\t\t\t\t\t<h1 class=\"elementor-heading-title elementor-size-default\">Di\u00e0legs entre la tecnologia i l'humanisme<\/h1>\t\t\t\t<\/div>\n\t\t\t\t<\/div>\n\t\t\t\t\t<\/div>\n\t\t<\/div>\n\t\t\t\t\t<\/div>\n\t\t<\/section>\n\t\t\t\t<section class=\"elementor-section elementor-top-section elementor-element elementor-element-4a0bb64e elementor-section-boxed elementor-section-height-default elementor-section-height-default\" data-id=\"4a0bb64e\" data-element_type=\"section\">\n\t\t\t\t\t\t<div class=\"elementor-container elementor-column-gap-default\">\n\t\t\t\t\t<div class=\"aux-parallax-section elementor-column elementor-col-100 elementor-top-column elementor-element elementor-element-784f737f\" data-id=\"784f737f\" data-element_type=\"column\">\n\t\t\t<div class=\"elementor-widget-wrap elementor-element-populated\">\n\t\t\t\t\t\t<div class=\"elementor-element elementor-element-3f0ad27a elementor-widget elementor-widget-image\" data-id=\"3f0ad27a\" data-element_type=\"widget\" data-widget_type=\"image.default\">\n\t\t\t\t<div class=\"elementor-widget-container\">\n\t\t\t\t\t\t\t\t\t\t\t\t\t\t\t<img decoding=\"async\" src=\"https:\/\/semanamundial.com\/wp-content\/uploads\/elementor\/thumbs\/Dialogos-entre-tecnologia-y-humanismo-1-r952apv7666k0x6nuzcasrtqqfay0jcmnyqd8tcxi8.png\" title=\"Di\u00e1logos entre tecnologia y humanismo\" alt=\"Di\u00e1logos entre tecnologia y humanismo\" loading=\"lazy\" \/>\t\t\t\t\t\t\t\t\t\t\t\t\t\t\t<\/div>\n\t\t\t\t<\/div>\n\t\t\t\t\t<\/div>\n\t\t<\/div>\n\t\t\t\t\t<\/div>\n\t\t<\/section>\n\t\t\t\t<section class=\"elementor-section elementor-top-section elementor-element elementor-element-36d8e80 elementor-section-boxed elementor-section-height-default elementor-section-height-default\" data-id=\"36d8e80\" data-element_type=\"section\">\n\t\t\t\t\t\t<div class=\"elementor-container elementor-column-gap-default\">\n\t\t\t\t\t<div class=\"aux-parallax-section elementor-column elementor-col-100 elementor-top-column elementor-element elementor-element-144316b\" data-id=\"144316b\" data-element_type=\"column\">\n\t\t\t<div class=\"elementor-widget-wrap elementor-element-populated\">\n\t\t\t\t\t\t<div class=\"elementor-element elementor-element-3968c43 elementor-widget elementor-widget-text-editor\" data-id=\"3968c43\" data-element_type=\"widget\" data-widget_type=\"text-editor.default\">\n\t\t\t\t<div class=\"elementor-widget-container\">\n\t\t\t\t\t\t\t\t\t<p data-start=\"133\" data-end=\"526\">Com cada any, el Col\u00b7legi de Mediadors d\u2019Assegurances de Barcelona celebrar\u00e0 la gala de la Setmana Mundial, que aquest any tindr\u00e0 lloc a l\u2019Auditori de Barcelona el proper 20 d\u2019octubre. L\u2019edici\u00f3 de 2025 proposa un di\u00e0leg entre el m\u00f3n tecnol\u00f2gic i l\u2019humanisme en clau de futur. Trobar el punt de trobada correcte entre aquests dos conceptes ens donar\u00e0 l\u2019equaci\u00f3 guanyadora per avan\u00e7ar i cr\u00e9ixer.<\/p><p style=\"font-size: 16.0016px;\" data-start=\"133\" data-end=\"526\"><span style=\"font-size: 16.0016px;\">Els CEO de les companyies seuran a l\u2019escenari per respondre dues preguntes cadascun. Seran preguntes relacionades amb diferents tem\u00e0tiques, per\u00f2 amb el denominador com\u00fa de buscar el cam\u00ed adequat per unir tecnologia i factor hum\u00e0, sempre en clau de futur.<\/span><\/p><p style=\"font-size: 16.0016px;\" data-start=\"784\" data-end=\"996\">Us espero a tots per gaudir, un any m\u00e9s, de la Setmana Mundial i de la sort que compartim de tenir la millor professi\u00f3 del m\u00f3n. Podeu reservar la vostra pla\u00e7a per assistir a l\u2019esdeveniment a trav\u00e9s d\u2019aquesta web.<\/p><p style=\"font-size: 16.0016px;\" data-start=\"998\" data-end=\"1037\">Ens veiem el 20 d\u2019octubre a l\u2019Auditori.<\/p><p style=\"font-size: 16.0016px;\" data-start=\"998\" data-end=\"1037\">Francesc Santasusana<\/p><p style=\"font-size: 16.0016px;\" data-start=\"998\" data-end=\"1037\">President del Col\u00b7legi de Mediadors d&#8217;Assegurances de Barcelona.<\/p>\t\t\t\t\t\t\t\t<\/div>\n\t\t\t\t<\/div>\n\t\t\t\t\t<\/div>\n\t\t<\/div>\n\t\t\t\t\t<\/div>\n\t\t<\/section>\n\t\t\t\t<\/div>\n\t\t","protected":false},"excerpt":{"rendered":"<p>Di\u00e0legs entre la tecnologia i l&#8217;humanisme Com cada any, el Col\u00b7legi de Mediadors d\u2019Assegurances de Barcelona celebrar\u00e0 la gala de la Setmana Mundial, que aquest any tindr\u00e0 lloc a l\u2019Auditori de Barcelona el proper 20 d\u2019octubre. L\u2019edici\u00f3 de 2025 proposa un di\u00e0leg entre el m\u00f3n tecnol\u00f2gic i l\u2019humanisme en clau de futur. Trobar el punt [&hellip;]<\/p>\n","protected":false},"author":2,"featured_media":0,"parent":0,"menu_order":0,"comment_status":"closed","ping_status":"closed","template":"","meta":{"footnotes":""},"class_list":["post-2061","page","type-page","status-publish","hentry"],"yoast_head":"<!-- This site is optimized with the Yoast SEO plugin v26.6 - https:\/\/yoast.com\/wordpress\/plugins\/seo\/ -->\n<title>DI\u00c0LEGS ENTRE LA TECNOLOGIA I L\u2019HUMANISME - Semana Mundial 2025<\/title>\n<meta name=\"robots\" content=\"index, follow, max-snippet:-1, max-image-preview:large, max-video-preview:-1\" \/>\n<link rel=\"canonical\" href=\"https:\/\/semanamundial.com\/ca\/dialegs-entre-la-tecnologia-i-lhumanisme\/\" \/>\n<meta property=\"og:locale\" content=\"ca_ES\" \/>\n<meta property=\"og:type\" content=\"article\" \/>\n<meta property=\"og:title\" content=\"DI\u00c0LEGS ENTRE LA TECNOLOGIA I L\u2019HUMANISME - Semana Mundial 2025\" \/>\n<meta property=\"og:description\" content=\"Di\u00e0legs entre la tecnologia i l&#8217;humanisme Com cada any, el Col\u00b7legi de Mediadors d\u2019Assegurances de Barcelona celebrar\u00e0 la gala de la Setmana Mundial, que aquest any tindr\u00e0 lloc a l\u2019Auditori de Barcelona el proper 20 d\u2019octubre. L\u2019edici\u00f3 de 2025 proposa un di\u00e0leg entre el m\u00f3n tecnol\u00f2gic i l\u2019humanisme en clau de futur. Trobar el punt [&hellip;]\" \/>\n<meta property=\"og:url\" content=\"https:\/\/semanamundial.com\/ca\/dialegs-entre-la-tecnologia-i-lhumanisme\/\" \/>\n<meta property=\"og:site_name\" content=\"Semana Mundial 2025\" \/>\n<meta property=\"article:modified_time\" content=\"2025-07-23T08:50:07+00:00\" \/>\n<meta property=\"og:image\" content=\"https:\/\/semanamundial.com\/wp-content\/uploads\/elementor\/thumbs\/Dialogos-entre-tecnologia-y-humanismo-1-r952apv7666k0x6nuzcasrtqqfay0jcmnyqd87bw4g.png\" \/>\n<meta name=\"twitter:card\" content=\"summary_large_image\" \/>\n<meta name=\"twitter:label1\" content=\"Temps estimat de lectura\" \/>\n\t<meta name=\"twitter:data1\" content=\"2 minuts\" \/>\n<script type=\"application\/ld+json\" class=\"yoast-schema-graph\">{\"@context\":\"https:\/\/schema.org\",\"@graph\":[{\"@type\":\"WebPage\",\"@id\":\"https:\/\/semanamundial.com\/ca\/dialegs-entre-la-tecnologia-i-lhumanisme\/\",\"url\":\"https:\/\/semanamundial.com\/ca\/dialegs-entre-la-tecnologia-i-lhumanisme\/\",\"name\":\"DI\u00c0LEGS ENTRE LA TECNOLOGIA I L\u2019HUMANISME - Semana Mundial 2025\",\"isPartOf\":{\"@id\":\"https:\/\/semanamundial.com\/ca\/#website\"},\"primaryImageOfPage\":{\"@id\":\"https:\/\/semanamundial.com\/ca\/dialegs-entre-la-tecnologia-i-lhumanisme\/#primaryimage\"},\"image\":{\"@id\":\"https:\/\/semanamundial.com\/ca\/dialegs-entre-la-tecnologia-i-lhumanisme\/#primaryimage\"},\"thumbnailUrl\":\"https:\/\/semanamundial.com\/wp-content\/uploads\/elementor\/thumbs\/Dialogos-entre-tecnologia-y-humanismo-1-r952apv7666k0x6nuzcasrtqqfay0jcmnyqd87bw4g.png\",\"datePublished\":\"2025-07-22T15:48:42+00:00\",\"dateModified\":\"2025-07-23T08:50:07+00:00\",\"breadcrumb\":{\"@id\":\"https:\/\/semanamundial.com\/ca\/dialegs-entre-la-tecnologia-i-lhumanisme\/#breadcrumb\"},\"inLanguage\":\"ca\",\"potentialAction\":[{\"@type\":\"ReadAction\",\"target\":[\"https:\/\/semanamundial.com\/ca\/dialegs-entre-la-tecnologia-i-lhumanisme\/\"]}]},{\"@type\":\"ImageObject\",\"inLanguage\":\"ca\",\"@id\":\"https:\/\/semanamundial.com\/ca\/dialegs-entre-la-tecnologia-i-lhumanisme\/#primaryimage\",\"url\":\"https:\/\/semanamundial.com\/wp-content\/uploads\/elementor\/thumbs\/Dialogos-entre-tecnologia-y-humanismo-1-r952apv7666k0x6nuzcasrtqqfay0jcmnyqd87bw4g.png\",\"contentUrl\":\"https:\/\/semanamundial.com\/wp-content\/uploads\/elementor\/thumbs\/Dialogos-entre-tecnologia-y-humanismo-1-r952apv7666k0x6nuzcasrtqqfay0jcmnyqd87bw4g.png\"},{\"@type\":\"BreadcrumbList\",\"@id\":\"https:\/\/semanamundial.com\/ca\/dialegs-entre-la-tecnologia-i-lhumanisme\/#breadcrumb\",\"itemListElement\":[{\"@type\":\"ListItem\",\"position\":1,\"name\":\"Portada\",\"item\":\"https:\/\/semanamundial.com\/ca\/\"},{\"@type\":\"ListItem\",\"position\":2,\"name\":\"DI\u00c0LEGS ENTRE LA TECNOLOGIA I L\u2019HUMANISME\"}]},{\"@type\":\"WebSite\",\"@id\":\"https:\/\/semanamundial.com\/ca\/#website\",\"url\":\"https:\/\/semanamundial.com\/ca\/\",\"name\":\"Semana Mundial 2025\",\"description\":\"\",\"publisher\":{\"@id\":\"https:\/\/semanamundial.com\/ca\/#organization\"},\"potentialAction\":[{\"@type\":\"SearchAction\",\"target\":{\"@type\":\"EntryPoint\",\"urlTemplate\":\"https:\/\/semanamundial.com\/ca\/?s={search_term_string}\"},\"query-input\":{\"@type\":\"PropertyValueSpecification\",\"valueRequired\":true,\"valueName\":\"search_term_string\"}}],\"inLanguage\":\"ca\"},{\"@type\":\"Organization\",\"@id\":\"https:\/\/semanamundial.com\/ca\/#organization\",\"name\":\"Semana Mundial 2025\",\"url\":\"https:\/\/semanamundial.com\/ca\/\",\"logo\":{\"@type\":\"ImageObject\",\"inLanguage\":\"ca\",\"@id\":\"https:\/\/semanamundial.com\/ca\/#\/schema\/logo\/image\/\",\"url\":\"https:\/\/semanamundial.com\/wp-content\/uploads\/2025\/03\/LOGOS-SM24-CAT-05-e1743008465107.png\",\"contentUrl\":\"https:\/\/semanamundial.com\/wp-content\/uploads\/2025\/03\/LOGOS-SM24-CAT-05-e1743008465107.png\",\"width\":150,\"height\":102,\"caption\":\"Semana Mundial 2025\"},\"image\":{\"@id\":\"https:\/\/semanamundial.com\/ca\/#\/schema\/logo\/image\/\"}}]}<\/script>\n<!-- \/ Yoast SEO plugin. -->","yoast_head_json":{"title":"DI\u00c0LEGS ENTRE LA TECNOLOGIA I L\u2019HUMANISME - Semana Mundial 2025","robots":{"index":"index","follow":"follow","max-snippet":"max-snippet:-1","max-image-preview":"max-image-preview:large","max-video-preview":"max-video-preview:-1"},"canonical":"https:\/\/semanamundial.com\/ca\/dialegs-entre-la-tecnologia-i-lhumanisme\/","og_locale":"ca_ES","og_type":"article","og_title":"DI\u00c0LEGS ENTRE LA TECNOLOGIA I L\u2019HUMANISME - Semana Mundial 2025","og_description":"Di\u00e0legs entre la tecnologia i l&#8217;humanisme Com cada any, el Col\u00b7legi de Mediadors d\u2019Assegurances de Barcelona celebrar\u00e0 la gala de la Setmana Mundial, que aquest any tindr\u00e0 lloc a l\u2019Auditori de Barcelona el proper 20 d\u2019octubre. L\u2019edici\u00f3 de 2025 proposa un di\u00e0leg entre el m\u00f3n tecnol\u00f2gic i l\u2019humanisme en clau de futur. Trobar el punt [&hellip;]","og_url":"https:\/\/semanamundial.com\/ca\/dialegs-entre-la-tecnologia-i-lhumanisme\/","og_site_name":"Semana Mundial 2025","article_modified_time":"2025-07-23T08:50:07+00:00","og_image":[{"url":"https:\/\/semanamundial.com\/wp-content\/uploads\/elementor\/thumbs\/Dialogos-entre-tecnologia-y-humanismo-1-r952apv7666k0x6nuzcasrtqqfay0jcmnyqd87bw4g.png","type":"","width":"","height":""}],"twitter_card":"summary_large_image","twitter_misc":{"Temps estimat de lectura":"2 minuts"},"schema":{"@context":"https:\/\/schema.org","@graph":[{"@type":"WebPage","@id":"https:\/\/semanamundial.com\/ca\/dialegs-entre-la-tecnologia-i-lhumanisme\/","url":"https:\/\/semanamundial.com\/ca\/dialegs-entre-la-tecnologia-i-lhumanisme\/","name":"DI\u00c0LEGS ENTRE LA TECNOLOGIA I L\u2019HUMANISME - Semana Mundial 2025","isPartOf":{"@id":"https:\/\/semanamundial.com\/ca\/#website"},"primaryImageOfPage":{"@id":"https:\/\/semanamundial.com\/ca\/dialegs-entre-la-tecnologia-i-lhumanisme\/#primaryimage"},"image":{"@id":"https:\/\/semanamundial.com\/ca\/dialegs-entre-la-tecnologia-i-lhumanisme\/#primaryimage"},"thumbnailUrl":"https:\/\/semanamundial.com\/wp-content\/uploads\/elementor\/thumbs\/Dialogos-entre-tecnologia-y-humanismo-1-r952apv7666k0x6nuzcasrtqqfay0jcmnyqd87bw4g.png","datePublished":"2025-07-22T15:48:42+00:00","dateModified":"2025-07-23T08:50:07+00:00","breadcrumb":{"@id":"https:\/\/semanamundial.com\/ca\/dialegs-entre-la-tecnologia-i-lhumanisme\/#breadcrumb"},"inLanguage":"ca","potentialAction":[{"@type":"ReadAction","target":["https:\/\/semanamundial.com\/ca\/dialegs-entre-la-tecnologia-i-lhumanisme\/"]}]},{"@type":"ImageObject","inLanguage":"ca","@id":"https:\/\/semanamundial.com\/ca\/dialegs-entre-la-tecnologia-i-lhumanisme\/#primaryimage","url":"https:\/\/semanamundial.com\/wp-content\/uploads\/elementor\/thumbs\/Dialogos-entre-tecnologia-y-humanismo-1-r952apv7666k0x6nuzcasrtqqfay0jcmnyqd87bw4g.png","contentUrl":"https:\/\/semanamundial.com\/wp-content\/uploads\/elementor\/thumbs\/Dialogos-entre-tecnologia-y-humanismo-1-r952apv7666k0x6nuzcasrtqqfay0jcmnyqd87bw4g.png"},{"@type":"BreadcrumbList","@id":"https:\/\/semanamundial.com\/ca\/dialegs-entre-la-tecnologia-i-lhumanisme\/#breadcrumb","itemListElement":[{"@type":"ListItem","position":1,"name":"Portada","item":"https:\/\/semanamundial.com\/ca\/"},{"@type":"ListItem","position":2,"name":"DI\u00c0LEGS ENTRE LA TECNOLOGIA I L\u2019HUMANISME"}]},{"@type":"WebSite","@id":"https:\/\/semanamundial.com\/ca\/#website","url":"https:\/\/semanamundial.com\/ca\/","name":"Semana Mundial 2025","description":"","publisher":{"@id":"https:\/\/semanamundial.com\/ca\/#organization"},"potentialAction":[{"@type":"SearchAction","target":{"@type":"EntryPoint","urlTemplate":"https:\/\/semanamundial.com\/ca\/?s={search_term_string}"},"query-input":{"@type":"PropertyValueSpecification","valueRequired":true,"valueName":"search_term_string"}}],"inLanguage":"ca"},{"@type":"Organization","@id":"https:\/\/semanamundial.com\/ca\/#organization","name":"Semana Mundial 2025","url":"https:\/\/semanamundial.com\/ca\/","logo":{"@type":"ImageObject","inLanguage":"ca","@id":"https:\/\/semanamundial.com\/ca\/#\/schema\/logo\/image\/","url":"https:\/\/semanamundial.com\/wp-content\/uploads\/2025\/03\/LOGOS-SM24-CAT-05-e1743008465107.png","contentUrl":"https:\/\/semanamundial.com\/wp-content\/uploads\/2025\/03\/LOGOS-SM24-CAT-05-e1743008465107.png","width":150,"height":102,"caption":"Semana Mundial 2025"},"image":{"@id":"https:\/\/semanamundial.com\/ca\/#\/schema\/logo\/image\/"}}]}},"_links":{"self":[{"href":"https:\/\/semanamundial.com\/ca\/wp-json\/wp\/v2\/pages\/2061","targetHints":{"allow":["GET"]}}],"collection":[{"href":"https:\/\/semanamundial.com\/ca\/wp-json\/wp\/v2\/pages"}],"about":[{"href":"https:\/\/semanamundial.com\/ca\/wp-json\/wp\/v2\/types\/page"}],"author":[{"embeddable":true,"href":"https:\/\/semanamundial.com\/ca\/wp-json\/wp\/v2\/users\/2"}],"replies":[{"embeddable":true,"href":"https:\/\/semanamundial.com\/ca\/wp-json\/wp\/v2\/comments?post=2061"}],"version-history":[{"count":22,"href":"https:\/\/semanamundial.com\/ca\/wp-json\/wp\/v2\/pages\/2061\/revisions"}],"predecessor-version":[{"id":2129,"href":"https:\/\/semanamundial.com\/ca\/wp-json\/wp\/v2\/pages\/2061\/revisions\/2129"}],"wp:attachment":[{"href":"https:\/\/semanamundial.com\/ca\/wp-json\/wp\/v2\/media?parent=2061"}],"curies":[{"name":"wp","href":"https:\/\/api.w.org\/{rel}","templated":true}]}}