{"id":20295,"date":"2025-11-14T11:52:32","date_gmt":"2025-11-14T09:52:32","guid":{"rendered":"https:\/\/semanamundial.com\/setmana-mundial-2025\/"},"modified":"2025-11-14T12:03:03","modified_gmt":"2025-11-14T10:03:03","slug":"setmana-mundial-2025","status":"publish","type":"page","link":"https:\/\/semanamundial.com\/ca\/setmana-mundial-2025\/","title":{"rendered":"Setmana Mundial 2025"},"content":{"rendered":"\t\t<div data-elementor-type=\"wp-page\" data-elementor-id=\"20295\" class=\"elementor elementor-20295 elementor-20289\">\n\t\t\t\t\t\t<section class=\"elementor-section elementor-top-section elementor-element elementor-element-5d0a9b6 elementor-section-boxed elementor-section-height-default elementor-section-height-default\" data-id=\"5d0a9b6\" data-element_type=\"section\">\n\t\t\t\t\t\t<div class=\"elementor-container elementor-column-gap-default\">\n\t\t\t\t\t<div class=\"aux-parallax-section elementor-column elementor-col-100 elementor-top-column elementor-element elementor-element-1e90a9c\" data-id=\"1e90a9c\" data-element_type=\"column\">\n\t\t\t<div class=\"elementor-widget-wrap elementor-element-populated\">\n\t\t\t\t\t\t<div class=\"elementor-element elementor-element-8f55e4c elementor-widget elementor-widget-heading\" data-id=\"8f55e4c\" data-element_type=\"widget\" data-widget_type=\"heading.default\">\n\t\t\t\t<div class=\"elementor-widget-container\">\n\t\t\t\t\t<h1 class=\"elementor-heading-title elementor-size-default\">Setmana Mundial 2025<\/h1>\t\t\t\t<\/div>\n\t\t\t\t<\/div>\n\t\t\t\t\t<\/div>\n\t\t<\/div>\n\t\t\t\t\t<\/div>\n\t\t<\/section>\n\t\t\t\t<section class=\"elementor-section elementor-top-section elementor-element elementor-element-e0a8c2f elementor-section-boxed elementor-section-height-default elementor-section-height-default\" data-id=\"e0a8c2f\" data-element_type=\"section\">\n\t\t\t\t\t\t<div class=\"elementor-container elementor-column-gap-default\">\n\t\t\t\t\t<div class=\"aux-parallax-section elementor-column elementor-col-16 elementor-top-column elementor-element elementor-element-0342952\" data-id=\"0342952\" data-element_type=\"column\">\n\t\t\t<div class=\"elementor-widget-wrap\">\n\t\t\t\t\t\t\t<\/div>\n\t\t<\/div>\n\t\t\t\t<div class=\"aux-parallax-section elementor-column elementor-col-66 elementor-top-column elementor-element elementor-element-4db577e\" data-id=\"4db577e\" data-element_type=\"column\">\n\t\t\t<div class=\"elementor-widget-wrap elementor-element-populated\">\n\t\t\t\t\t\t<div class=\"elementor-element elementor-element-7732158 elementor-widget elementor-widget-video\" data-id=\"7732158\" data-element_type=\"widget\" data-settings=\"{&quot;youtube_url&quot;:&quot;https:\\\/\\\/youtu.be\\\/wEvakdQBnsk?si=0X1PKvMpejk3QIhQ&quot;,&quot;video_type&quot;:&quot;youtube&quot;,&quot;controls&quot;:&quot;yes&quot;}\" data-widget_type=\"video.default\">\n\t\t\t\t<div class=\"elementor-widget-container\">\n\t\t\t\t\t\t\t<div class=\"elementor-wrapper elementor-open-inline\">\n\t\t\t<div class=\"elementor-video\"><\/div>\t\t<\/div>\n\t\t\t\t\t\t<\/div>\n\t\t\t\t<\/div>\n\t\t\t\t\t<\/div>\n\t\t<\/div>\n\t\t\t\t<div class=\"aux-parallax-section elementor-column elementor-col-16 elementor-top-column elementor-element elementor-element-ce3def0\" data-id=\"ce3def0\" data-element_type=\"column\">\n\t\t\t<div class=\"elementor-widget-wrap\">\n\t\t\t\t\t\t\t<\/div>\n\t\t<\/div>\n\t\t\t\t\t<\/div>\n\t\t<\/section>\n\t\t\t\t<section class=\"elementor-section elementor-top-section elementor-element elementor-element-dfb917a elementor-section-boxed elementor-section-height-default elementor-section-height-default\" data-id=\"dfb917a\" data-element_type=\"section\">\n\t\t\t\t\t\t<div class=\"elementor-container elementor-column-gap-default\">\n\t\t\t\t\t<div class=\"aux-parallax-section elementor-column elementor-col-16 elementor-top-column elementor-element elementor-element-38bc352\" data-id=\"38bc352\" data-element_type=\"column\">\n\t\t\t<div class=\"elementor-widget-wrap\">\n\t\t\t\t\t\t\t<\/div>\n\t\t<\/div>\n\t\t\t\t<div class=\"aux-parallax-section elementor-column elementor-col-66 elementor-top-column elementor-element elementor-element-646e7a1\" data-id=\"646e7a1\" data-element_type=\"column\">\n\t\t\t<div class=\"elementor-widget-wrap elementor-element-populated\">\n\t\t\t\t\t\t<div class=\"elementor-element elementor-element-d84291b elementor-widget elementor-widget-text-editor\" data-id=\"d84291b\" data-element_type=\"widget\" data-widget_type=\"text-editor.default\">\n\t\t\t\t<div class=\"elementor-widget-container\">\n\t\t\t\t\t\t\t\t\t<p>Les companyies asseguradores i els mediadors d\u2019assegurances coincideixen a assenyalar la necessitat de refor\u00e7ar la col\u00b7laboraci\u00f3 entre la tecnologia i el factor hum\u00e0, perqu\u00e8 l\u2019\u00fas d\u2019ambdues facilita assolir nous objectius i encarar correctament el futur. Aquesta \u00e9s una de les conclusions extretes dels di\u00e0legs que han tingut lloc durant la Setmana Mundial, un esdeveniment organitzat pel Col\u00b7legi de Mediadors d\u2019Assegurances de Barcelona i al qual van assistir m\u00e9s de mil persones de la ind\u00fastria asseguradora. Un altre punt en com\u00fa de totes les companyies va ser considerar que la tasca de la mediaci\u00f3 \u00e9s \u201cm\u00e9s necess\u00e0ria que mai\u201d.<\/p>\n<p>Sota el lema <strong>\u201cNous Di\u00e0legs: Tecnologia i Humanisme\u201d<\/strong>, representants de les companyies i de la mediaci\u00f3 van proposar solucions per garantir que el gran desenvolupament tecnol\u00f2gic que estem vivint actualment no col\u00b7lisioni amb el factor hum\u00e0, sin\u00f3 que, al contrari, generi una equaci\u00f3 guanyadora que ajudi a crear m\u00e9s negoci i m\u00e9s beneficis de tota mena.<\/p>\n<p>Francesc Santasusana, president del Col\u00b7legi de Mediadors d\u2019Assegurances de Barcelona, va destacar en el seu parlament que \u201cla tecnologia no ha de substituir all\u00f2 hum\u00e0, sin\u00f3 amplificar-ne el valor. A ning\u00fa se li escapa que el mediador t\u00e9 en el factor hum\u00e0 una de les seves principals raons de ser. Escoltar, interpretar, acompanyar, traduir la complexitat en confian\u00e7a. Aquesta \u00e9s la nostra ess\u00e8ncia, i continuar\u00e0 sent-ho\u201d. Respecte a la inestabilitat del m\u00f3n actual, tamb\u00e9 va afegir que \u201cel nostre sector assegurador continua sent una \u00e0ncora d\u2019estabilitat. Enmig del soroll, continuem oferint quelcom molt valu\u00f3s: certesa, confian\u00e7a i acompanyament. L\u2019asseguran\u00e7a no pot aturar les guerres ni els terratr\u00e8mols, per\u00f2 pot oferir seguretat i resili\u00e8ncia. Som una ind\u00fastria que transforma la incertesa en tranquil\u00b7litat, i aix\u00f2 avui t\u00e9 m\u00e9s valor que mai\u201d.<\/p>\n<p>Un dels moments m\u00e9s interessants de la vetllada va ser la conversa entre el fil\u00f2sof David Vico i l\u2019experta en tecnologia Silvia Leal. Tots dos van representar la relaci\u00f3 entre tecnologia i factor hum\u00e0 i van concloure amb un missatge clar: unir aquests dos mons dona resultats positius. Un altre dels plats forts de la jornada va ser la pres\u00e8ncia, a l\u2019escenari de l\u2019Auditori, de deu representants de companyies que van respondre les preguntes formulades pels mediadors.<\/p>\n<p>El Col\u00b7legi de Mediadors celebra que la Setmana Mundial hagi confirmat quelcom que la professi\u00f3 coneix b\u00e9: el futur de l\u2019asseguran\u00e7a no es construeix triant entre tecnologia o factor hum\u00e0. El missatge que deixa aquesta Setmana Mundial \u00e9s clar: <strong>el mediador no desapareix en l\u2019era digital; es reinventa, es potencia i es fa m\u00e9s necessari que mai.<\/strong> En un m\u00f3n accelerat i ple d\u2019incerteses, la confian\u00e7a i l\u2019assessorament personalitzat continuen essent els pilars sobre els quals es construeix la tranquil\u00b7litat de les persones i de les empreses.<\/p>\n<p>Per aix\u00f2, el Col\u00b7legi referma el comprom\u00eds amb una mediaci\u00f3 moderna, \u00e8tica i tecnol\u00f2gicament preparada, per\u00f2 sempre centrada en les persones, amb una aposta per atreure talent jove, impulsar la sostenibilitat i continuar sent el punt de trobada entre la innovaci\u00f3 i l\u2019experi\u00e8ncia. La Setmana Mundial va girar entorn d\u2019aquests temes i va comptar, com sempre, amb humor \u2014en aquest cas de Dani de la C\u00e1mara\u2014 i amb m\u00fasica gospel a c\u00e0rrec de The Messengers, en una gala presentada per Mercedes Mart\u00edn.<\/p>\n\t\t\t\t\t\t\t\t<\/div>\n\t\t\t\t<\/div>\n\t\t\t\t\t<\/div>\n\t\t<\/div>\n\t\t\t\t<div class=\"aux-parallax-section elementor-column elementor-col-16 elementor-top-column elementor-element elementor-element-818ce12\" data-id=\"818ce12\" data-element_type=\"column\">\n\t\t\t<div class=\"elementor-widget-wrap\">\n\t\t\t\t\t\t\t<\/div>\n\t\t<\/div>\n\t\t\t\t\t<\/div>\n\t\t<\/section>\n\t\t\t\t<\/div>\n\t\t","protected":false},"excerpt":{"rendered":"<p>Setmana Mundial 2025 https:\/\/youtu.be\/wEvakdQBnsk?si=0X1PKvMpejk3QIhQ Les companyies asseguradores i els mediadors d\u2019assegurances coincideixen a assenyalar la necessitat de refor\u00e7ar la col\u00b7laboraci\u00f3 entre la tecnologia i el factor hum\u00e0, perqu\u00e8 l\u2019\u00fas d\u2019ambdues facilita assolir nous objectius i encarar correctament el futur. Aquesta \u00e9s una de les conclusions extretes dels di\u00e0legs que han tingut lloc durant la Setmana [&hellip;]<\/p>\n","protected":false},"author":2,"featured_media":0,"parent":0,"menu_order":0,"comment_status":"closed","ping_status":"closed","template":"","meta":{"footnotes":""},"class_list":["post-20295","page","type-page","status-publish","hentry"],"yoast_head":"<!-- This site is optimized with the Yoast SEO plugin v26.6 - https:\/\/yoast.com\/wordpress\/plugins\/seo\/ -->\n<title>Setmana Mundial 2025 - Semana Mundial 2025<\/title>\n<meta name=\"robots\" content=\"index, follow, max-snippet:-1, max-image-preview:large, max-video-preview:-1\" \/>\n<link rel=\"canonical\" href=\"https:\/\/semanamundial.com\/ca\/setmana-mundial-2025\/\" \/>\n<meta property=\"og:locale\" content=\"ca_ES\" \/>\n<meta property=\"og:type\" content=\"article\" \/>\n<meta property=\"og:title\" content=\"Setmana Mundial 2025 - Semana Mundial 2025\" \/>\n<meta property=\"og:description\" content=\"Setmana Mundial 2025 https:\/\/youtu.be\/wEvakdQBnsk?si=0X1PKvMpejk3QIhQ Les companyies asseguradores i els mediadors d\u2019assegurances coincideixen a assenyalar la necessitat de refor\u00e7ar la col\u00b7laboraci\u00f3 entre la tecnologia i el factor hum\u00e0, perqu\u00e8 l\u2019\u00fas d\u2019ambdues facilita assolir nous objectius i encarar correctament el futur. Aquesta \u00e9s una de les conclusions extretes dels di\u00e0legs que han tingut lloc durant la Setmana [&hellip;]\" \/>\n<meta property=\"og:url\" content=\"https:\/\/semanamundial.com\/ca\/setmana-mundial-2025\/\" \/>\n<meta property=\"og:site_name\" content=\"Semana Mundial 2025\" \/>\n<meta property=\"article:modified_time\" content=\"2025-11-14T10:03:03+00:00\" \/>\n<meta name=\"twitter:card\" content=\"summary_large_image\" \/>\n<meta name=\"twitter:label1\" content=\"Temps estimat de lectura\" \/>\n\t<meta name=\"twitter:data1\" content=\"3 minuts\" \/>\n<script type=\"application\/ld+json\" class=\"yoast-schema-graph\">{\"@context\":\"https:\/\/schema.org\",\"@graph\":[{\"@type\":\"WebPage\",\"@id\":\"https:\/\/semanamundial.com\/ca\/setmana-mundial-2025\/\",\"url\":\"https:\/\/semanamundial.com\/ca\/setmana-mundial-2025\/\",\"name\":\"Setmana Mundial 2025 - Semana Mundial 2025\",\"isPartOf\":{\"@id\":\"https:\/\/semanamundial.com\/ca\/#website\"},\"datePublished\":\"2025-11-14T09:52:32+00:00\",\"dateModified\":\"2025-11-14T10:03:03+00:00\",\"breadcrumb\":{\"@id\":\"https:\/\/semanamundial.com\/ca\/setmana-mundial-2025\/#breadcrumb\"},\"inLanguage\":\"ca\",\"potentialAction\":[{\"@type\":\"ReadAction\",\"target\":[\"https:\/\/semanamundial.com\/ca\/setmana-mundial-2025\/\"]}]},{\"@type\":\"BreadcrumbList\",\"@id\":\"https:\/\/semanamundial.com\/ca\/setmana-mundial-2025\/#breadcrumb\",\"itemListElement\":[{\"@type\":\"ListItem\",\"position\":1,\"name\":\"Portada\",\"item\":\"https:\/\/semanamundial.com\/ca\/\"},{\"@type\":\"ListItem\",\"position\":2,\"name\":\"Setmana Mundial 2025\"}]},{\"@type\":\"WebSite\",\"@id\":\"https:\/\/semanamundial.com\/ca\/#website\",\"url\":\"https:\/\/semanamundial.com\/ca\/\",\"name\":\"Semana Mundial 2025\",\"description\":\"\",\"publisher\":{\"@id\":\"https:\/\/semanamundial.com\/ca\/#organization\"},\"potentialAction\":[{\"@type\":\"SearchAction\",\"target\":{\"@type\":\"EntryPoint\",\"urlTemplate\":\"https:\/\/semanamundial.com\/ca\/?s={search_term_string}\"},\"query-input\":{\"@type\":\"PropertyValueSpecification\",\"valueRequired\":true,\"valueName\":\"search_term_string\"}}],\"inLanguage\":\"ca\"},{\"@type\":\"Organization\",\"@id\":\"https:\/\/semanamundial.com\/ca\/#organization\",\"name\":\"Semana Mundial 2025\",\"url\":\"https:\/\/semanamundial.com\/ca\/\",\"logo\":{\"@type\":\"ImageObject\",\"inLanguage\":\"ca\",\"@id\":\"https:\/\/semanamundial.com\/ca\/#\/schema\/logo\/image\/\",\"url\":\"https:\/\/semanamundial.com\/wp-content\/uploads\/2025\/03\/LOGOS-SM24-CAT-05-e1743008465107.png\",\"contentUrl\":\"https:\/\/semanamundial.com\/wp-content\/uploads\/2025\/03\/LOGOS-SM24-CAT-05-e1743008465107.png\",\"width\":150,\"height\":102,\"caption\":\"Semana Mundial 2025\"},\"image\":{\"@id\":\"https:\/\/semanamundial.com\/ca\/#\/schema\/logo\/image\/\"}}]}<\/script>\n<!-- \/ Yoast SEO plugin. -->","yoast_head_json":{"title":"Setmana Mundial 2025 - Semana Mundial 2025","robots":{"index":"index","follow":"follow","max-snippet":"max-snippet:-1","max-image-preview":"max-image-preview:large","max-video-preview":"max-video-preview:-1"},"canonical":"https:\/\/semanamundial.com\/ca\/setmana-mundial-2025\/","og_locale":"ca_ES","og_type":"article","og_title":"Setmana Mundial 2025 - Semana Mundial 2025","og_description":"Setmana Mundial 2025 https:\/\/youtu.be\/wEvakdQBnsk?si=0X1PKvMpejk3QIhQ Les companyies asseguradores i els mediadors d\u2019assegurances coincideixen a assenyalar la necessitat de refor\u00e7ar la col\u00b7laboraci\u00f3 entre la tecnologia i el factor hum\u00e0, perqu\u00e8 l\u2019\u00fas d\u2019ambdues facilita assolir nous objectius i encarar correctament el futur. Aquesta \u00e9s una de les conclusions extretes dels di\u00e0legs que han tingut lloc durant la Setmana [&hellip;]","og_url":"https:\/\/semanamundial.com\/ca\/setmana-mundial-2025\/","og_site_name":"Semana Mundial 2025","article_modified_time":"2025-11-14T10:03:03+00:00","twitter_card":"summary_large_image","twitter_misc":{"Temps estimat de lectura":"3 minuts"},"schema":{"@context":"https:\/\/schema.org","@graph":[{"@type":"WebPage","@id":"https:\/\/semanamundial.com\/ca\/setmana-mundial-2025\/","url":"https:\/\/semanamundial.com\/ca\/setmana-mundial-2025\/","name":"Setmana Mundial 2025 - Semana Mundial 2025","isPartOf":{"@id":"https:\/\/semanamundial.com\/ca\/#website"},"datePublished":"2025-11-14T09:52:32+00:00","dateModified":"2025-11-14T10:03:03+00:00","breadcrumb":{"@id":"https:\/\/semanamundial.com\/ca\/setmana-mundial-2025\/#breadcrumb"},"inLanguage":"ca","potentialAction":[{"@type":"ReadAction","target":["https:\/\/semanamundial.com\/ca\/setmana-mundial-2025\/"]}]},{"@type":"BreadcrumbList","@id":"https:\/\/semanamundial.com\/ca\/setmana-mundial-2025\/#breadcrumb","itemListElement":[{"@type":"ListItem","position":1,"name":"Portada","item":"https:\/\/semanamundial.com\/ca\/"},{"@type":"ListItem","position":2,"name":"Setmana Mundial 2025"}]},{"@type":"WebSite","@id":"https:\/\/semanamundial.com\/ca\/#website","url":"https:\/\/semanamundial.com\/ca\/","name":"Semana Mundial 2025","description":"","publisher":{"@id":"https:\/\/semanamundial.com\/ca\/#organization"},"potentialAction":[{"@type":"SearchAction","target":{"@type":"EntryPoint","urlTemplate":"https:\/\/semanamundial.com\/ca\/?s={search_term_string}"},"query-input":{"@type":"PropertyValueSpecification","valueRequired":true,"valueName":"search_term_string"}}],"inLanguage":"ca"},{"@type":"Organization","@id":"https:\/\/semanamundial.com\/ca\/#organization","name":"Semana Mundial 2025","url":"https:\/\/semanamundial.com\/ca\/","logo":{"@type":"ImageObject","inLanguage":"ca","@id":"https:\/\/semanamundial.com\/ca\/#\/schema\/logo\/image\/","url":"https:\/\/semanamundial.com\/wp-content\/uploads\/2025\/03\/LOGOS-SM24-CAT-05-e1743008465107.png","contentUrl":"https:\/\/semanamundial.com\/wp-content\/uploads\/2025\/03\/LOGOS-SM24-CAT-05-e1743008465107.png","width":150,"height":102,"caption":"Semana Mundial 2025"},"image":{"@id":"https:\/\/semanamundial.com\/ca\/#\/schema\/logo\/image\/"}}]}},"_links":{"self":[{"href":"https:\/\/semanamundial.com\/ca\/wp-json\/wp\/v2\/pages\/20295","targetHints":{"allow":["GET"]}}],"collection":[{"href":"https:\/\/semanamundial.com\/ca\/wp-json\/wp\/v2\/pages"}],"about":[{"href":"https:\/\/semanamundial.com\/ca\/wp-json\/wp\/v2\/types\/page"}],"author":[{"embeddable":true,"href":"https:\/\/semanamundial.com\/ca\/wp-json\/wp\/v2\/users\/2"}],"replies":[{"embeddable":true,"href":"https:\/\/semanamundial.com\/ca\/wp-json\/wp\/v2\/comments?post=20295"}],"version-history":[{"count":4,"href":"https:\/\/semanamundial.com\/ca\/wp-json\/wp\/v2\/pages\/20295\/revisions"}],"predecessor-version":[{"id":20301,"href":"https:\/\/semanamundial.com\/ca\/wp-json\/wp\/v2\/pages\/20295\/revisions\/20301"}],"wp:attachment":[{"href":"https:\/\/semanamundial.com\/ca\/wp-json\/wp\/v2\/media?parent=20295"}],"curies":[{"name":"wp","href":"https:\/\/api.w.org\/{rel}","templated":true}]}}