{"id":1191,"date":"2023-07-05T13:08:35","date_gmt":"2023-07-05T11:08:35","guid":{"rendered":"https:\/\/semanamundial.com\/?page_id=1191"},"modified":"2023-07-05T15:26:46","modified_gmt":"2023-07-05T13:26:46","slug":"espectacles","status":"publish","type":"page","link":"https:\/\/semanamundial.com\/ca\/espectacles\/","title":{"rendered":"Espectacles"},"content":{"rendered":"\t\t<div data-elementor-type=\"wp-page\" data-elementor-id=\"1191\" class=\"elementor elementor-1191 elementor-1183\">\n\t\t\t\t\t\t<section class=\"elementor-section elementor-top-section elementor-element elementor-element-188abb3 elementor-section-boxed elementor-section-height-default elementor-section-height-default\" data-id=\"188abb3\" data-element_type=\"section\">\n\t\t\t\t\t\t<div class=\"elementor-container elementor-column-gap-default\">\n\t\t\t\t\t<div class=\"aux-parallax-section elementor-column elementor-col-100 elementor-top-column elementor-element elementor-element-b4ea665\" data-id=\"b4ea665\" data-element_type=\"column\">\n\t\t\t<div class=\"elementor-widget-wrap elementor-element-populated\">\n\t\t\t\t\t\t<div class=\"elementor-element elementor-element-5da80b6 elementor-widget elementor-widget-heading\" data-id=\"5da80b6\" data-element_type=\"widget\" data-widget_type=\"heading.default\">\n\t\t\t\t<div class=\"elementor-widget-container\">\n\t\t\t\t\t<h1 class=\"elementor-heading-title elementor-size-default\">Espectacles<\/h1>\t\t\t\t<\/div>\n\t\t\t\t<\/div>\n\t\t\t\t\t<\/div>\n\t\t<\/div>\n\t\t\t\t\t<\/div>\n\t\t<\/section>\n\t\t\t\t<section class=\"elementor-section elementor-top-section elementor-element elementor-element-f63c138 elementor-section-boxed elementor-section-height-default elementor-section-height-default\" data-id=\"f63c138\" data-element_type=\"section\">\n\t\t\t\t\t\t<div class=\"elementor-container elementor-column-gap-default\">\n\t\t\t\t\t<div class=\"aux-parallax-section elementor-column elementor-col-100 elementor-top-column elementor-element elementor-element-8390700\" data-id=\"8390700\" data-element_type=\"column\">\n\t\t\t<div class=\"elementor-widget-wrap elementor-element-populated\">\n\t\t\t\t\t\t<div class=\"elementor-element elementor-element-2c0b7eb elementor-widget elementor-widget-image\" data-id=\"2c0b7eb\" data-element_type=\"widget\" data-widget_type=\"image.default\">\n\t\t\t\t<div class=\"elementor-widget-container\">\n\t\t\t\t\t\t\t\t\t\t\t\t\t\t\t<img decoding=\"async\" src=\"https:\/\/semanamundial.com\/wp-content\/uploads\/elementor\/thumbs\/pagina-espectaculo-q8yomlo3j82lrn1dlsavwg7u199toceo58sfdbyoww.png\" title=\"pagina espectaculo\" alt=\"pagina espectaculo\" loading=\"lazy\" \/>\t\t\t\t\t\t\t\t\t\t\t\t\t\t\t<\/div>\n\t\t\t\t<\/div>\n\t\t\t\t\t<\/div>\n\t\t<\/div>\n\t\t\t\t\t<\/div>\n\t\t<\/section>\n\t\t\t\t<section class=\"elementor-section elementor-top-section elementor-element elementor-element-eb7931d elementor-section-boxed elementor-section-height-default elementor-section-height-default\" data-id=\"eb7931d\" data-element_type=\"section\">\n\t\t\t\t\t\t<div class=\"elementor-container elementor-column-gap-default\">\n\t\t\t\t\t<div class=\"aux-parallax-section elementor-column elementor-col-100 elementor-top-column elementor-element elementor-element-674a5fa\" data-id=\"674a5fa\" data-element_type=\"column\">\n\t\t\t<div class=\"elementor-widget-wrap elementor-element-populated\">\n\t\t\t\t\t\t<div class=\"elementor-element elementor-element-7e468fe elementor-widget elementor-widget-text-editor\" data-id=\"7e468fe\" data-element_type=\"widget\" data-widget_type=\"text-editor.default\">\n\t\t\t\t<div class=\"elementor-widget-container\">\n\t\t\t\t\t\t\t\t\t<p class=\"MsoNormal\"><span lang=\"CA\">La Setmana Mundial 2023 tindr\u00e0, com \u00e9s habitual, un espai per a la cultura i l&#8217;entreteniment. Al llarg dels anys, en la gran gala del Col\u00b7legi han participat artistes consagrats com El Tricicle, Carlos Latre, Jorge Blas, Mag Lari, Los Vivancos i Leo Harlem, entre altres.<\/span><\/p><p class=\"MsoNormal\"><span lang=\"CA\">Enguany ens hem proposat fer costat a artistes emergents. Els seus espectacles ja han obtingut el reconeixement de la cr\u00edtica especialitzada, per\u00f2 encara no s\u00f3n molt coneguts pel gran p\u00fablic. Volem que la Setmana Mundial sigui un pas m\u00e9s en les seves carreres i que tots els assistents, d&#8217;aqu\u00ed a uns anys, puguem dir que els van veure tot just quan donaven les seves primeres passes cap a l\u2019\u00e8xit.<\/span><\/p><p>\u00a0<\/p><p class=\"MsoNormal\"><span lang=\"CA\">Com sempre, el nom d&#8217;aquests artistes no ser\u00e0 p\u00fablic abans de la seva actuaci\u00f3. Aix\u00ed que no te&#8217;ls pots perdre el pr\u00f2xim dia 2 d&#8217;octubre.<\/span><\/p>\t\t\t\t\t\t\t\t<\/div>\n\t\t\t\t<\/div>\n\t\t\t\t\t<\/div>\n\t\t<\/div>\n\t\t\t\t\t<\/div>\n\t\t<\/section>\n\t\t\t\t<\/div>\n\t\t","protected":false},"excerpt":{"rendered":"<p>Espectacles La Setmana Mundial 2023 tindr\u00e0, com \u00e9s habitual, un espai per a la cultura i l&#8217;entreteniment. Al llarg dels anys, en la gran gala del Col\u00b7legi han participat artistes consagrats com El Tricicle, Carlos Latre, Jorge Blas, Mag Lari, Los Vivancos i Leo Harlem, entre altres. Enguany ens hem proposat fer costat a artistes [&hellip;]<\/p>\n","protected":false},"author":2,"featured_media":0,"parent":0,"menu_order":0,"comment_status":"closed","ping_status":"closed","template":"","meta":{"footnotes":""},"class_list":["post-1191","page","type-page","status-publish","hentry"],"yoast_head":"<!-- This site is optimized with the Yoast SEO plugin v26.6 - https:\/\/yoast.com\/wordpress\/plugins\/seo\/ -->\n<title>Espectacles - Semana Mundial 2025<\/title>\n<meta name=\"description\" content=\"Semana Mundial 2025 La Setmana Mundial 2023 tindr\u00e0 espectacles com \u00e9s habitual, un espai per a la cultura i l&#039;entreteniment.\" \/>\n<meta name=\"robots\" content=\"index, follow, max-snippet:-1, max-image-preview:large, max-video-preview:-1\" \/>\n<link rel=\"canonical\" href=\"https:\/\/semanamundial.com\/ca\/espectacles\/\" \/>\n<meta property=\"og:locale\" content=\"ca_ES\" \/>\n<meta property=\"og:type\" content=\"article\" \/>\n<meta property=\"og:title\" content=\"Espectacles - Semana Mundial 2025\" \/>\n<meta property=\"og:description\" content=\"Semana Mundial 2025 La Setmana Mundial 2023 tindr\u00e0 espectacles com \u00e9s habitual, un espai per a la cultura i l&#039;entreteniment.\" \/>\n<meta property=\"og:url\" content=\"https:\/\/semanamundial.com\/ca\/espectacles\/\" \/>\n<meta property=\"og:site_name\" content=\"Semana Mundial 2025\" \/>\n<meta property=\"article:modified_time\" content=\"2023-07-05T13:26:46+00:00\" \/>\n<meta property=\"og:image\" content=\"https:\/\/semanamundial.com\/wp-content\/uploads\/elementor\/thumbs\/pagina-espectaculo-q8yommlxq23w3900gapigxzamn56w1iehdfwqyxxnk.png\" \/>\n<meta name=\"twitter:card\" content=\"summary_large_image\" \/>\n<meta name=\"twitter:label1\" content=\"Temps estimat de lectura\" \/>\n\t<meta name=\"twitter:data1\" content=\"1 minut\" \/>\n<script type=\"application\/ld+json\" class=\"yoast-schema-graph\">{\"@context\":\"https:\/\/schema.org\",\"@graph\":[{\"@type\":\"WebPage\",\"@id\":\"https:\/\/semanamundial.com\/ca\/espectacles\/\",\"url\":\"https:\/\/semanamundial.com\/ca\/espectacles\/\",\"name\":\"Espectacles - Semana Mundial 2025\",\"isPartOf\":{\"@id\":\"https:\/\/semanamundial.com\/ca\/#website\"},\"primaryImageOfPage\":{\"@id\":\"https:\/\/semanamundial.com\/ca\/espectacles\/#primaryimage\"},\"image\":{\"@id\":\"https:\/\/semanamundial.com\/ca\/espectacles\/#primaryimage\"},\"thumbnailUrl\":\"https:\/\/semanamundial.com\/wp-content\/uploads\/elementor\/thumbs\/pagina-espectaculo-q8yommlxq23w3900gapigxzamn56w1iehdfwqyxxnk.png\",\"datePublished\":\"2023-07-05T11:08:35+00:00\",\"dateModified\":\"2023-07-05T13:26:46+00:00\",\"description\":\"Semana Mundial 2025 La Setmana Mundial 2023 tindr\u00e0 espectacles com \u00e9s habitual, un espai per a la cultura i l'entreteniment.\",\"breadcrumb\":{\"@id\":\"https:\/\/semanamundial.com\/ca\/espectacles\/#breadcrumb\"},\"inLanguage\":\"ca\",\"potentialAction\":[{\"@type\":\"ReadAction\",\"target\":[\"https:\/\/semanamundial.com\/ca\/espectacles\/\"]}]},{\"@type\":\"ImageObject\",\"inLanguage\":\"ca\",\"@id\":\"https:\/\/semanamundial.com\/ca\/espectacles\/#primaryimage\",\"url\":\"https:\/\/semanamundial.com\/wp-content\/uploads\/elementor\/thumbs\/pagina-espectaculo-q8yommlxq23w3900gapigxzamn56w1iehdfwqyxxnk.png\",\"contentUrl\":\"https:\/\/semanamundial.com\/wp-content\/uploads\/elementor\/thumbs\/pagina-espectaculo-q8yommlxq23w3900gapigxzamn56w1iehdfwqyxxnk.png\"},{\"@type\":\"BreadcrumbList\",\"@id\":\"https:\/\/semanamundial.com\/ca\/espectacles\/#breadcrumb\",\"itemListElement\":[{\"@type\":\"ListItem\",\"position\":1,\"name\":\"Portada\",\"item\":\"https:\/\/semanamundial.com\/ca\/\"},{\"@type\":\"ListItem\",\"position\":2,\"name\":\"Espectacles\"}]},{\"@type\":\"WebSite\",\"@id\":\"https:\/\/semanamundial.com\/ca\/#website\",\"url\":\"https:\/\/semanamundial.com\/ca\/\",\"name\":\"Semana Mundial 2025\",\"description\":\"\",\"publisher\":{\"@id\":\"https:\/\/semanamundial.com\/ca\/#organization\"},\"potentialAction\":[{\"@type\":\"SearchAction\",\"target\":{\"@type\":\"EntryPoint\",\"urlTemplate\":\"https:\/\/semanamundial.com\/ca\/?s={search_term_string}\"},\"query-input\":{\"@type\":\"PropertyValueSpecification\",\"valueRequired\":true,\"valueName\":\"search_term_string\"}}],\"inLanguage\":\"ca\"},{\"@type\":\"Organization\",\"@id\":\"https:\/\/semanamundial.com\/ca\/#organization\",\"name\":\"Semana Mundial 2025\",\"url\":\"https:\/\/semanamundial.com\/ca\/\",\"logo\":{\"@type\":\"ImageObject\",\"inLanguage\":\"ca\",\"@id\":\"https:\/\/semanamundial.com\/ca\/#\/schema\/logo\/image\/\",\"url\":\"https:\/\/semanamundial.com\/wp-content\/uploads\/2025\/03\/LOGOS-SM24-CAT-05-e1743008465107.png\",\"contentUrl\":\"https:\/\/semanamundial.com\/wp-content\/uploads\/2025\/03\/LOGOS-SM24-CAT-05-e1743008465107.png\",\"width\":150,\"height\":102,\"caption\":\"Semana Mundial 2025\"},\"image\":{\"@id\":\"https:\/\/semanamundial.com\/ca\/#\/schema\/logo\/image\/\"}}]}<\/script>\n<!-- \/ Yoast SEO plugin. -->","yoast_head_json":{"title":"Espectacles - Semana Mundial 2025","description":"Semana Mundial 2025 La Setmana Mundial 2023 tindr\u00e0 espectacles com \u00e9s habitual, un espai per a la cultura i l'entreteniment.","robots":{"index":"index","follow":"follow","max-snippet":"max-snippet:-1","max-image-preview":"max-image-preview:large","max-video-preview":"max-video-preview:-1"},"canonical":"https:\/\/semanamundial.com\/ca\/espectacles\/","og_locale":"ca_ES","og_type":"article","og_title":"Espectacles - Semana Mundial 2025","og_description":"Semana Mundial 2025 La Setmana Mundial 2023 tindr\u00e0 espectacles com \u00e9s habitual, un espai per a la cultura i l'entreteniment.","og_url":"https:\/\/semanamundial.com\/ca\/espectacles\/","og_site_name":"Semana Mundial 2025","article_modified_time":"2023-07-05T13:26:46+00:00","og_image":[{"url":"https:\/\/semanamundial.com\/wp-content\/uploads\/elementor\/thumbs\/pagina-espectaculo-q8yommlxq23w3900gapigxzamn56w1iehdfwqyxxnk.png","type":"","width":"","height":""}],"twitter_card":"summary_large_image","twitter_misc":{"Temps estimat de lectura":"1 minut"},"schema":{"@context":"https:\/\/schema.org","@graph":[{"@type":"WebPage","@id":"https:\/\/semanamundial.com\/ca\/espectacles\/","url":"https:\/\/semanamundial.com\/ca\/espectacles\/","name":"Espectacles - Semana Mundial 2025","isPartOf":{"@id":"https:\/\/semanamundial.com\/ca\/#website"},"primaryImageOfPage":{"@id":"https:\/\/semanamundial.com\/ca\/espectacles\/#primaryimage"},"image":{"@id":"https:\/\/semanamundial.com\/ca\/espectacles\/#primaryimage"},"thumbnailUrl":"https:\/\/semanamundial.com\/wp-content\/uploads\/elementor\/thumbs\/pagina-espectaculo-q8yommlxq23w3900gapigxzamn56w1iehdfwqyxxnk.png","datePublished":"2023-07-05T11:08:35+00:00","dateModified":"2023-07-05T13:26:46+00:00","description":"Semana Mundial 2025 La Setmana Mundial 2023 tindr\u00e0 espectacles com \u00e9s habitual, un espai per a la cultura i l'entreteniment.","breadcrumb":{"@id":"https:\/\/semanamundial.com\/ca\/espectacles\/#breadcrumb"},"inLanguage":"ca","potentialAction":[{"@type":"ReadAction","target":["https:\/\/semanamundial.com\/ca\/espectacles\/"]}]},{"@type":"ImageObject","inLanguage":"ca","@id":"https:\/\/semanamundial.com\/ca\/espectacles\/#primaryimage","url":"https:\/\/semanamundial.com\/wp-content\/uploads\/elementor\/thumbs\/pagina-espectaculo-q8yommlxq23w3900gapigxzamn56w1iehdfwqyxxnk.png","contentUrl":"https:\/\/semanamundial.com\/wp-content\/uploads\/elementor\/thumbs\/pagina-espectaculo-q8yommlxq23w3900gapigxzamn56w1iehdfwqyxxnk.png"},{"@type":"BreadcrumbList","@id":"https:\/\/semanamundial.com\/ca\/espectacles\/#breadcrumb","itemListElement":[{"@type":"ListItem","position":1,"name":"Portada","item":"https:\/\/semanamundial.com\/ca\/"},{"@type":"ListItem","position":2,"name":"Espectacles"}]},{"@type":"WebSite","@id":"https:\/\/semanamundial.com\/ca\/#website","url":"https:\/\/semanamundial.com\/ca\/","name":"Semana Mundial 2025","description":"","publisher":{"@id":"https:\/\/semanamundial.com\/ca\/#organization"},"potentialAction":[{"@type":"SearchAction","target":{"@type":"EntryPoint","urlTemplate":"https:\/\/semanamundial.com\/ca\/?s={search_term_string}"},"query-input":{"@type":"PropertyValueSpecification","valueRequired":true,"valueName":"search_term_string"}}],"inLanguage":"ca"},{"@type":"Organization","@id":"https:\/\/semanamundial.com\/ca\/#organization","name":"Semana Mundial 2025","url":"https:\/\/semanamundial.com\/ca\/","logo":{"@type":"ImageObject","inLanguage":"ca","@id":"https:\/\/semanamundial.com\/ca\/#\/schema\/logo\/image\/","url":"https:\/\/semanamundial.com\/wp-content\/uploads\/2025\/03\/LOGOS-SM24-CAT-05-e1743008465107.png","contentUrl":"https:\/\/semanamundial.com\/wp-content\/uploads\/2025\/03\/LOGOS-SM24-CAT-05-e1743008465107.png","width":150,"height":102,"caption":"Semana Mundial 2025"},"image":{"@id":"https:\/\/semanamundial.com\/ca\/#\/schema\/logo\/image\/"}}]}},"_links":{"self":[{"href":"https:\/\/semanamundial.com\/ca\/wp-json\/wp\/v2\/pages\/1191","targetHints":{"allow":["GET"]}}],"collection":[{"href":"https:\/\/semanamundial.com\/ca\/wp-json\/wp\/v2\/pages"}],"about":[{"href":"https:\/\/semanamundial.com\/ca\/wp-json\/wp\/v2\/types\/page"}],"author":[{"embeddable":true,"href":"https:\/\/semanamundial.com\/ca\/wp-json\/wp\/v2\/users\/2"}],"replies":[{"embeddable":true,"href":"https:\/\/semanamundial.com\/ca\/wp-json\/wp\/v2\/comments?post=1191"}],"version-history":[{"count":15,"href":"https:\/\/semanamundial.com\/ca\/wp-json\/wp\/v2\/pages\/1191\/revisions"}],"predecessor-version":[{"id":1277,"href":"https:\/\/semanamundial.com\/ca\/wp-json\/wp\/v2\/pages\/1191\/revisions\/1277"}],"wp:attachment":[{"href":"https:\/\/semanamundial.com\/ca\/wp-json\/wp\/v2\/media?parent=1191"}],"curies":[{"name":"wp","href":"https:\/\/api.w.org\/{rel}","templated":true}]}}