{"id":1170,"date":"2023-07-05T13:04:34","date_gmt":"2023-07-05T11:04:34","guid":{"rendered":"https:\/\/semanamundial.com\/?page_id=1170"},"modified":"2023-07-05T15:21:56","modified_gmt":"2023-07-05T13:21:56","slug":"ted-talks-2023","status":"publish","type":"page","link":"https:\/\/semanamundial.com\/ca\/ted-talks-2023\/","title":{"rendered":"Ted Talks 2023"},"content":{"rendered":"\t\t<div data-elementor-type=\"wp-page\" data-elementor-id=\"1170\" class=\"elementor elementor-1170 elementor-1153\">\n\t\t\t\t\t\t<section class=\"elementor-section elementor-top-section elementor-element elementor-element-188abb3 elementor-section-boxed elementor-section-height-default elementor-section-height-default\" data-id=\"188abb3\" data-element_type=\"section\">\n\t\t\t\t\t\t<div class=\"elementor-container elementor-column-gap-default\">\n\t\t\t\t\t<div class=\"aux-parallax-section elementor-column elementor-col-100 elementor-top-column elementor-element elementor-element-b4ea665\" data-id=\"b4ea665\" data-element_type=\"column\">\n\t\t\t<div class=\"elementor-widget-wrap elementor-element-populated\">\n\t\t\t\t\t\t<div class=\"elementor-element elementor-element-5da80b6 elementor-widget elementor-widget-heading\" data-id=\"5da80b6\" data-element_type=\"widget\" data-widget_type=\"heading.default\">\n\t\t\t\t<div class=\"elementor-widget-container\">\n\t\t\t\t\t<h1 class=\"elementor-heading-title elementor-size-default\">Ted Talks<\/h1>\t\t\t\t<\/div>\n\t\t\t\t<\/div>\n\t\t\t\t\t<\/div>\n\t\t<\/div>\n\t\t\t\t\t<\/div>\n\t\t<\/section>\n\t\t\t\t<section class=\"elementor-section elementor-top-section elementor-element elementor-element-f63c138 elementor-section-boxed elementor-section-height-default elementor-section-height-default\" data-id=\"f63c138\" data-element_type=\"section\">\n\t\t\t\t\t\t<div class=\"elementor-container elementor-column-gap-default\">\n\t\t\t\t\t<div class=\"aux-parallax-section elementor-column elementor-col-100 elementor-top-column elementor-element elementor-element-8390700\" data-id=\"8390700\" data-element_type=\"column\">\n\t\t\t<div class=\"elementor-widget-wrap elementor-element-populated\">\n\t\t\t\t\t\t<div class=\"elementor-element elementor-element-2c0b7eb elementor-widget elementor-widget-image\" data-id=\"2c0b7eb\" data-element_type=\"widget\" data-widget_type=\"image.default\">\n\t\t\t\t<div class=\"elementor-widget-container\">\n\t\t\t\t\t\t\t\t\t\t\t\t\t\t\t<img decoding=\"async\" src=\"https:\/\/semanamundial.com\/wp-content\/uploads\/elementor\/thumbs\/Ted-Talks-2023-q8x9bqg37zulxtps0gu1ri1bgg8vpuh083lbj2byjk.png\" title=\"Ted Talks 2023\" alt=\"Ted Talks 2023\" loading=\"lazy\" \/>\t\t\t\t\t\t\t\t\t\t\t\t\t\t\t<\/div>\n\t\t\t\t<\/div>\n\t\t\t\t\t<\/div>\n\t\t<\/div>\n\t\t\t\t\t<\/div>\n\t\t<\/section>\n\t\t\t\t<section class=\"elementor-section elementor-top-section elementor-element elementor-element-eb7931d elementor-section-boxed elementor-section-height-default elementor-section-height-default\" data-id=\"eb7931d\" data-element_type=\"section\">\n\t\t\t\t\t\t<div class=\"elementor-container elementor-column-gap-default\">\n\t\t\t\t\t<div class=\"aux-parallax-section elementor-column elementor-col-100 elementor-top-column elementor-element elementor-element-674a5fa\" data-id=\"674a5fa\" data-element_type=\"column\">\n\t\t\t<div class=\"elementor-widget-wrap elementor-element-populated\">\n\t\t\t\t\t\t<div class=\"elementor-element elementor-element-7e468fe elementor-widget elementor-widget-text-editor\" data-id=\"7e468fe\" data-element_type=\"widget\" data-widget_type=\"text-editor.default\">\n\t\t\t\t<div class=\"elementor-widget-container\">\n\t\t\t\t\t\t\t\t\t<p class=\"MsoNormal\"><span lang=\"CA\">La bona acollida que va tenir el format TED Talk que va protagonitzar la Setmana Mundial 2022 ens ha animat a mantenir el mateix esquema per a l&#8217;edici\u00f3 d&#8217;enguany. Els ponents, en aquest cas representants de companyies, han de fer un gran esfor\u00e7 per a concentrar en 10 minuts un missatge sovint complex o fins i tot molt complex. Un treball que implica diversos professionals i que t\u00e9 el prop\u00f2sit de dissenyar una presentaci\u00f3 impactant i que es recordi.<\/span><\/p><p class=\"MsoNormal\"><span lang=\"CA\">Cada companyia tria el vector de transformaci\u00f3 sobre el qual desenvolupar\u00e0 la seva presentaci\u00f3. L&#8217;\u00fanic condicionant \u00e9s el temps, la presentaci\u00f3 no ha d&#8217;excedir els 10 minuts. Pot participar un \u00fanic ponent o varis i disposen d&#8217;una pantalla en la qual projectar continguts audiovisuals per a refor\u00e7ar els seus missatges.<\/span><\/p><p class=\"MsoNormal\"><span lang=\"CA\">L&#8217;escenari es personalitzar\u00e0 per a adaptar-se a la imatge corporativa de cada asseguradora. Un entorn espectacular que es veur\u00e0 afavorit per les caracter\u00edstiques singulars i les dimensions de la sala Oval del MNAC que acull la Setmana Mundial aquest any. Un entorn magn\u00edfic per a potenciar al m\u00e0xim l&#8217;impacte dels continguts rellevants que protagonitzaran aquesta edici\u00f3.<\/span><\/p><p class=\"MsoNormal\"><span lang=\"CA\">\u00a0<\/span><\/p><p class=\"MsoNormal\"><span lang=\"CA\">Un mestre de cerim\u00f2nies d&#8217;excepci\u00f3<\/span><\/p><p>\u00a0<\/p><p class=\"MsoNormal\"><span lang=\"CA\">El periodista Enric Sierra, director adjunt de \u2018La Vanguardia\u2019, ser\u00e0 l&#8217;encarregat de conduir la Setmana Mundial 2023. Nascut a Arenys de Mar (Barcelona), Sierra ha desenvolupat la seva carrera en diversos mitjans escrits i audiovisuals, entre altres: \u2018El Punt\u2019, \u2018El Correo Catal\u00e1n\u2019, Cadena 13, Ag\u00e8ncia EFE, TVE i \u2018Avui\u2019. L&#8217;any 2000 va ser membre de l&#8217;equip fundador del primer diari gratu\u00eft d&#8217;Espanya, \u201920 minutos\u2019, del qual va ser director adjunt i responsable de l&#8217;edici\u00f3 de Barcelona. Va presidir l&#8217;Associaci\u00f3 Espanyola de Premsa Gratu\u00efta i, anys despr\u00e9s, va ser membre de la Junta del Col\u00b7legi de Periodistes de Catalunya on va presidir la Comissi\u00f3 de Nous Mitjans. Des de fa 40 anys col\u00b7labora en R\u00e0dio Arenys. En aquesta emissora dirigeix tots els diumenges el programa \u2018El Dominical\u2019 des de 1993.<\/span><\/p>\t\t\t\t\t\t\t\t<\/div>\n\t\t\t\t<\/div>\n\t\t\t\t\t<\/div>\n\t\t<\/div>\n\t\t\t\t\t<\/div>\n\t\t<\/section>\n\t\t\t\t<\/div>\n\t\t","protected":false},"excerpt":{"rendered":"<p>Ted Talks La bona acollida que va tenir el format TED Talk que va protagonitzar la Setmana Mundial 2022 ens ha animat a mantenir el mateix esquema per a l&#8217;edici\u00f3 d&#8217;enguany. Els ponents, en aquest cas representants de companyies, han de fer un gran esfor\u00e7 per a concentrar en 10 minuts un missatge sovint complex [&hellip;]<\/p>\n","protected":false},"author":2,"featured_media":0,"parent":0,"menu_order":0,"comment_status":"closed","ping_status":"closed","template":"","meta":{"footnotes":""},"class_list":["post-1170","page","type-page","status-publish","hentry"],"yoast_head":"<!-- This site is optimized with the Yoast SEO plugin v26.6 - https:\/\/yoast.com\/wordpress\/plugins\/seo\/ -->\n<title>Ted Talks 2023 - Semana Mundial 2025<\/title>\n<meta name=\"description\" content=\"Semana Mundial 2025 La bona acollida que va tenir el format Ted Talk que va protagonitzar la Setmana Mundial 2022 ens ha animat a mantenir les Ted Talks amb mateix esquema per a l&#039;edici\u00f3 d&#039;enguany.\" \/>\n<meta name=\"robots\" content=\"index, follow, max-snippet:-1, max-image-preview:large, max-video-preview:-1\" \/>\n<link rel=\"canonical\" href=\"https:\/\/semanamundial.com\/ca\/ted-talks-2023\/\" \/>\n<meta property=\"og:locale\" content=\"ca_ES\" \/>\n<meta property=\"og:type\" content=\"article\" \/>\n<meta property=\"og:title\" content=\"Ted Talks 2023 - Semana Mundial 2025\" \/>\n<meta property=\"og:description\" content=\"Semana Mundial 2025 La bona acollida que va tenir el format Ted Talk que va protagonitzar la Setmana Mundial 2022 ens ha animat a mantenir les Ted Talks amb mateix esquema per a l&#039;edici\u00f3 d&#039;enguany.\" \/>\n<meta property=\"og:url\" content=\"https:\/\/semanamundial.com\/ca\/ted-talks-2023\/\" \/>\n<meta property=\"og:site_name\" content=\"Semana Mundial 2025\" \/>\n<meta property=\"article:modified_time\" content=\"2023-07-05T13:21:56+00:00\" \/>\n<meta property=\"og:image\" content=\"https:\/\/semanamundial.com\/wp-content\/uploads\/elementor\/thumbs\/Ted-Talks-2023-q8x9bqg37zulxtps0gu1ri1bgg8vpuh083lbffclgg.png\" \/>\n<meta name=\"twitter:card\" content=\"summary_large_image\" \/>\n<meta name=\"twitter:label1\" content=\"Temps estimat de lectura\" \/>\n\t<meta name=\"twitter:data1\" content=\"2 minuts\" \/>\n<script type=\"application\/ld+json\" class=\"yoast-schema-graph\">{\"@context\":\"https:\/\/schema.org\",\"@graph\":[{\"@type\":\"WebPage\",\"@id\":\"https:\/\/semanamundial.com\/ca\/ted-talks-2023\/\",\"url\":\"https:\/\/semanamundial.com\/ca\/ted-talks-2023\/\",\"name\":\"Ted Talks 2023 - Semana Mundial 2025\",\"isPartOf\":{\"@id\":\"https:\/\/semanamundial.com\/ca\/#website\"},\"primaryImageOfPage\":{\"@id\":\"https:\/\/semanamundial.com\/ca\/ted-talks-2023\/#primaryimage\"},\"image\":{\"@id\":\"https:\/\/semanamundial.com\/ca\/ted-talks-2023\/#primaryimage\"},\"thumbnailUrl\":\"https:\/\/semanamundial.com\/wp-content\/uploads\/elementor\/thumbs\/Ted-Talks-2023-q8x9bqg37zulxtps0gu1ri1bgg8vpuh083lbffclgg.png\",\"datePublished\":\"2023-07-05T11:04:34+00:00\",\"dateModified\":\"2023-07-05T13:21:56+00:00\",\"description\":\"Semana Mundial 2025 La bona acollida que va tenir el format Ted Talk que va protagonitzar la Setmana Mundial 2022 ens ha animat a mantenir les Ted Talks amb mateix esquema per a l'edici\u00f3 d'enguany.\",\"breadcrumb\":{\"@id\":\"https:\/\/semanamundial.com\/ca\/ted-talks-2023\/#breadcrumb\"},\"inLanguage\":\"ca\",\"potentialAction\":[{\"@type\":\"ReadAction\",\"target\":[\"https:\/\/semanamundial.com\/ca\/ted-talks-2023\/\"]}]},{\"@type\":\"ImageObject\",\"inLanguage\":\"ca\",\"@id\":\"https:\/\/semanamundial.com\/ca\/ted-talks-2023\/#primaryimage\",\"url\":\"https:\/\/semanamundial.com\/wp-content\/uploads\/elementor\/thumbs\/Ted-Talks-2023-q8x9bqg37zulxtps0gu1ri1bgg8vpuh083lbffclgg.png\",\"contentUrl\":\"https:\/\/semanamundial.com\/wp-content\/uploads\/elementor\/thumbs\/Ted-Talks-2023-q8x9bqg37zulxtps0gu1ri1bgg8vpuh083lbffclgg.png\"},{\"@type\":\"BreadcrumbList\",\"@id\":\"https:\/\/semanamundial.com\/ca\/ted-talks-2023\/#breadcrumb\",\"itemListElement\":[{\"@type\":\"ListItem\",\"position\":1,\"name\":\"Portada\",\"item\":\"https:\/\/semanamundial.com\/ca\/\"},{\"@type\":\"ListItem\",\"position\":2,\"name\":\"Ted Talks 2023\"}]},{\"@type\":\"WebSite\",\"@id\":\"https:\/\/semanamundial.com\/ca\/#website\",\"url\":\"https:\/\/semanamundial.com\/ca\/\",\"name\":\"Semana Mundial 2025\",\"description\":\"\",\"publisher\":{\"@id\":\"https:\/\/semanamundial.com\/ca\/#organization\"},\"potentialAction\":[{\"@type\":\"SearchAction\",\"target\":{\"@type\":\"EntryPoint\",\"urlTemplate\":\"https:\/\/semanamundial.com\/ca\/?s={search_term_string}\"},\"query-input\":{\"@type\":\"PropertyValueSpecification\",\"valueRequired\":true,\"valueName\":\"search_term_string\"}}],\"inLanguage\":\"ca\"},{\"@type\":\"Organization\",\"@id\":\"https:\/\/semanamundial.com\/ca\/#organization\",\"name\":\"Semana Mundial 2025\",\"url\":\"https:\/\/semanamundial.com\/ca\/\",\"logo\":{\"@type\":\"ImageObject\",\"inLanguage\":\"ca\",\"@id\":\"https:\/\/semanamundial.com\/ca\/#\/schema\/logo\/image\/\",\"url\":\"https:\/\/semanamundial.com\/wp-content\/uploads\/2025\/03\/LOGOS-SM24-CAT-05-e1743008465107.png\",\"contentUrl\":\"https:\/\/semanamundial.com\/wp-content\/uploads\/2025\/03\/LOGOS-SM24-CAT-05-e1743008465107.png\",\"width\":150,\"height\":102,\"caption\":\"Semana Mundial 2025\"},\"image\":{\"@id\":\"https:\/\/semanamundial.com\/ca\/#\/schema\/logo\/image\/\"}}]}<\/script>\n<!-- \/ Yoast SEO plugin. -->","yoast_head_json":{"title":"Ted Talks 2023 - Semana Mundial 2025","description":"Semana Mundial 2025 La bona acollida que va tenir el format Ted Talk que va protagonitzar la Setmana Mundial 2022 ens ha animat a mantenir les Ted Talks amb mateix esquema per a l'edici\u00f3 d'enguany.","robots":{"index":"index","follow":"follow","max-snippet":"max-snippet:-1","max-image-preview":"max-image-preview:large","max-video-preview":"max-video-preview:-1"},"canonical":"https:\/\/semanamundial.com\/ca\/ted-talks-2023\/","og_locale":"ca_ES","og_type":"article","og_title":"Ted Talks 2023 - Semana Mundial 2025","og_description":"Semana Mundial 2025 La bona acollida que va tenir el format Ted Talk que va protagonitzar la Setmana Mundial 2022 ens ha animat a mantenir les Ted Talks amb mateix esquema per a l'edici\u00f3 d'enguany.","og_url":"https:\/\/semanamundial.com\/ca\/ted-talks-2023\/","og_site_name":"Semana Mundial 2025","article_modified_time":"2023-07-05T13:21:56+00:00","og_image":[{"url":"https:\/\/semanamundial.com\/wp-content\/uploads\/elementor\/thumbs\/Ted-Talks-2023-q8x9bqg37zulxtps0gu1ri1bgg8vpuh083lbffclgg.png","type":"","width":"","height":""}],"twitter_card":"summary_large_image","twitter_misc":{"Temps estimat de lectura":"2 minuts"},"schema":{"@context":"https:\/\/schema.org","@graph":[{"@type":"WebPage","@id":"https:\/\/semanamundial.com\/ca\/ted-talks-2023\/","url":"https:\/\/semanamundial.com\/ca\/ted-talks-2023\/","name":"Ted Talks 2023 - Semana Mundial 2025","isPartOf":{"@id":"https:\/\/semanamundial.com\/ca\/#website"},"primaryImageOfPage":{"@id":"https:\/\/semanamundial.com\/ca\/ted-talks-2023\/#primaryimage"},"image":{"@id":"https:\/\/semanamundial.com\/ca\/ted-talks-2023\/#primaryimage"},"thumbnailUrl":"https:\/\/semanamundial.com\/wp-content\/uploads\/elementor\/thumbs\/Ted-Talks-2023-q8x9bqg37zulxtps0gu1ri1bgg8vpuh083lbffclgg.png","datePublished":"2023-07-05T11:04:34+00:00","dateModified":"2023-07-05T13:21:56+00:00","description":"Semana Mundial 2025 La bona acollida que va tenir el format Ted Talk que va protagonitzar la Setmana Mundial 2022 ens ha animat a mantenir les Ted Talks amb mateix esquema per a l'edici\u00f3 d'enguany.","breadcrumb":{"@id":"https:\/\/semanamundial.com\/ca\/ted-talks-2023\/#breadcrumb"},"inLanguage":"ca","potentialAction":[{"@type":"ReadAction","target":["https:\/\/semanamundial.com\/ca\/ted-talks-2023\/"]}]},{"@type":"ImageObject","inLanguage":"ca","@id":"https:\/\/semanamundial.com\/ca\/ted-talks-2023\/#primaryimage","url":"https:\/\/semanamundial.com\/wp-content\/uploads\/elementor\/thumbs\/Ted-Talks-2023-q8x9bqg37zulxtps0gu1ri1bgg8vpuh083lbffclgg.png","contentUrl":"https:\/\/semanamundial.com\/wp-content\/uploads\/elementor\/thumbs\/Ted-Talks-2023-q8x9bqg37zulxtps0gu1ri1bgg8vpuh083lbffclgg.png"},{"@type":"BreadcrumbList","@id":"https:\/\/semanamundial.com\/ca\/ted-talks-2023\/#breadcrumb","itemListElement":[{"@type":"ListItem","position":1,"name":"Portada","item":"https:\/\/semanamundial.com\/ca\/"},{"@type":"ListItem","position":2,"name":"Ted Talks 2023"}]},{"@type":"WebSite","@id":"https:\/\/semanamundial.com\/ca\/#website","url":"https:\/\/semanamundial.com\/ca\/","name":"Semana Mundial 2025","description":"","publisher":{"@id":"https:\/\/semanamundial.com\/ca\/#organization"},"potentialAction":[{"@type":"SearchAction","target":{"@type":"EntryPoint","urlTemplate":"https:\/\/semanamundial.com\/ca\/?s={search_term_string}"},"query-input":{"@type":"PropertyValueSpecification","valueRequired":true,"valueName":"search_term_string"}}],"inLanguage":"ca"},{"@type":"Organization","@id":"https:\/\/semanamundial.com\/ca\/#organization","name":"Semana Mundial 2025","url":"https:\/\/semanamundial.com\/ca\/","logo":{"@type":"ImageObject","inLanguage":"ca","@id":"https:\/\/semanamundial.com\/ca\/#\/schema\/logo\/image\/","url":"https:\/\/semanamundial.com\/wp-content\/uploads\/2025\/03\/LOGOS-SM24-CAT-05-e1743008465107.png","contentUrl":"https:\/\/semanamundial.com\/wp-content\/uploads\/2025\/03\/LOGOS-SM24-CAT-05-e1743008465107.png","width":150,"height":102,"caption":"Semana Mundial 2025"},"image":{"@id":"https:\/\/semanamundial.com\/ca\/#\/schema\/logo\/image\/"}}]}},"_links":{"self":[{"href":"https:\/\/semanamundial.com\/ca\/wp-json\/wp\/v2\/pages\/1170","targetHints":{"allow":["GET"]}}],"collection":[{"href":"https:\/\/semanamundial.com\/ca\/wp-json\/wp\/v2\/pages"}],"about":[{"href":"https:\/\/semanamundial.com\/ca\/wp-json\/wp\/v2\/types\/page"}],"author":[{"embeddable":true,"href":"https:\/\/semanamundial.com\/ca\/wp-json\/wp\/v2\/users\/2"}],"replies":[{"embeddable":true,"href":"https:\/\/semanamundial.com\/ca\/wp-json\/wp\/v2\/comments?post=1170"}],"version-history":[{"count":7,"href":"https:\/\/semanamundial.com\/ca\/wp-json\/wp\/v2\/pages\/1170\/revisions"}],"predecessor-version":[{"id":1268,"href":"https:\/\/semanamundial.com\/ca\/wp-json\/wp\/v2\/pages\/1170\/revisions\/1268"}],"wp:attachment":[{"href":"https:\/\/semanamundial.com\/ca\/wp-json\/wp\/v2\/media?parent=1170"}],"curies":[{"name":"wp","href":"https:\/\/api.w.org\/{rel}","templated":true}]}}