{"id":1152,"date":"2023-07-05T12:55:40","date_gmt":"2023-07-05T10:55:40","guid":{"rendered":"https:\/\/semanamundial.com\/?page_id=1152"},"modified":"2023-07-05T13:55:29","modified_gmt":"2023-07-05T11:55:29","slug":"temps-de-canvi","status":"publish","type":"page","link":"https:\/\/semanamundial.com\/ca\/temps-de-canvi\/","title":{"rendered":"Temps de Canvi"},"content":{"rendered":"\t\t<div data-elementor-type=\"wp-page\" data-elementor-id=\"1152\" class=\"elementor elementor-1152 elementor-1144\">\n\t\t\t\t\t\t<section class=\"elementor-section elementor-top-section elementor-element elementor-element-6d12fb5 elementor-section-boxed elementor-section-height-default elementor-section-height-default\" data-id=\"6d12fb5\" data-element_type=\"section\">\n\t\t\t\t\t\t<div class=\"elementor-container elementor-column-gap-default\">\n\t\t\t\t\t<div class=\"aux-parallax-section elementor-column elementor-col-100 elementor-top-column elementor-element elementor-element-1eb405f\" data-id=\"1eb405f\" data-element_type=\"column\">\n\t\t\t<div class=\"elementor-widget-wrap\">\n\t\t\t\t\t\t\t<\/div>\n\t\t<\/div>\n\t\t\t\t\t<\/div>\n\t\t<\/section>\n\t\t\t\t<section class=\"elementor-section elementor-top-section elementor-element elementor-element-50a4736 elementor-section-boxed elementor-section-height-default elementor-section-height-default\" data-id=\"50a4736\" data-element_type=\"section\">\n\t\t\t\t\t\t<div class=\"elementor-container elementor-column-gap-default\">\n\t\t\t\t\t<div class=\"aux-parallax-section elementor-column elementor-col-100 elementor-top-column elementor-element elementor-element-4b5dba7\" data-id=\"4b5dba7\" data-element_type=\"column\">\n\t\t\t<div class=\"elementor-widget-wrap elementor-element-populated\">\n\t\t\t\t\t\t<div class=\"elementor-element elementor-element-1277c2f elementor-widget elementor-widget-image\" data-id=\"1277c2f\" data-element_type=\"widget\" data-widget_type=\"image.default\">\n\t\t\t\t<div class=\"elementor-widget-container\">\n\t\t\t\t\t\t\t\t\t\t\t\t\t\t\t<img fetchpriority=\"high\" decoding=\"async\" width=\"1580\" height=\"438\" src=\"https:\/\/semanamundial.com\/wp-content\/uploads\/2023\/07\/pagina-Tiempos-de-Cambio.png\" class=\"attachment-full size-full wp-image-1204\" alt=\"\" srcset=\"https:\/\/semanamundial.com\/wp-content\/uploads\/2023\/07\/pagina-Tiempos-de-Cambio.png 1580w, https:\/\/semanamundial.com\/wp-content\/uploads\/2023\/07\/pagina-Tiempos-de-Cambio-1536x426.png 1536w, https:\/\/semanamundial.com\/wp-content\/uploads\/2023\/07\/elementor\/thumbs\/pagina-Tiempos-de-Cambio-150x150.png 1800w\" sizes=\"(max-width: 1580px) 100vw, 1580px\" \/>\t\t\t\t\t\t\t\t\t\t\t\t\t\t\t<\/div>\n\t\t\t\t<\/div>\n\t\t\t\t\t<\/div>\n\t\t<\/div>\n\t\t\t\t\t<\/div>\n\t\t<\/section>\n\t\t\t\t<section class=\"elementor-section elementor-top-section elementor-element elementor-element-583ec3d elementor-section-boxed elementor-section-height-default elementor-section-height-default\" data-id=\"583ec3d\" data-element_type=\"section\">\n\t\t\t\t\t\t<div class=\"elementor-container elementor-column-gap-default\">\n\t\t\t\t\t<div class=\"aux-parallax-section elementor-column elementor-col-100 elementor-top-column elementor-element elementor-element-250c14b\" data-id=\"250c14b\" data-element_type=\"column\">\n\t\t\t<div class=\"elementor-widget-wrap elementor-element-populated\">\n\t\t\t\t\t\t<div class=\"elementor-element elementor-element-3a07588 elementor-widget elementor-widget-text-editor\" data-id=\"3a07588\" data-element_type=\"widget\" data-widget_type=\"text-editor.default\">\n\t\t\t\t<div class=\"elementor-widget-container\">\n\t\t\t\t\t\t\t\t\t<p>La Setmana Mundial 2023 continua mirant al futur. L&#8217;any passat ens vam centrar en la innovaci\u00f3. En aquesta edici\u00f3, volem fixar-nos en con\u00e8ixer els aspectes m\u00e9s destacats dels vectors de canvi que estan modelant el mercat en el qual tots viurem els pr\u00f2xims anys.<\/p><p>Con\u00e8ixer les tend\u00e8ncies emergents proporciona sempre un avantatge competitiu. Ens ajuda a preparar-nos i a desenvolupar les estrat\u00e8gies per a adaptar els nostres negocis a les circumst\u00e0ncies que ens esperen molt a la vora.<\/p><p>El temps que triguem a prendre una decisi\u00f3 \u00e9s important per a obtenir els resultats esperats al m\u00e9s aviat possible. No obstant aix\u00f2, \u00e9s m\u00e9s rellevant encara estar ben informats abans de fer qualsevol moviment. Aquesta \u00e9s la contribuci\u00f3 que, modestament, pret\u00e9n fer la Setmana Mundial 2023. Proporcionar dades i informaci\u00f3 per a identificar com estan evolucionant algunes de les principals tend\u00e8ncies que estan transformant l&#8217;activitat de la mediaci\u00f3 d&#8217;assegurances professional.<\/p><p>Un any m\u00e9s, comptem amb la col\u00b7laboraci\u00f3 d&#8217;algunes de les principals companyies que operen en el nostre mercat. Els hem proposat el repte que expliquin en primera persona com visualitzen aquests vectors de canvi i com creuen que afectar\u00e0 la labor dels mediadors. Cada asseguradora compartir\u00e0 amb tots nosaltres la seva visi\u00f3 sobre una d&#8217;aquestes tend\u00e8ncies que ja estan transformant la nostra realitat.<\/p><p>Al llarg de la tarda del pr\u00f2xim 2 d&#8217;octubre, en un escenari \u00fanic com \u00e9s la sala Oval del Museu Nacional d\u2019Art de Catalunya (MNAC), durant una nova edici\u00f3 de la Setmana Mundial del Col\u00b7legi sentirem parlar d&#8217;Intel\u00b7lig\u00e8ncia Artificial; Personalitzaci\u00f3; Concentraci\u00f3; ESG; Digitalitzaci\u00f3; Robotizaci\u00f3n; Nous riscos; Falta d&#8217;assegurament; Experi\u00e8ncia de client i Nous competidors, entre altres tem\u00e0tiques que estan ja marcat el nostre present. Tot en presentacions tipus TED Talk de menys de 10 minuts.<\/p><p>Enguany volem que el punt de vista dels mediadors estigui tamb\u00e9 present. Per aix\u00f2, al llarg del mes de juliol recollirem preguntes sobre els vectors de canvi formulades pels col\u00b7legiats de Barcelona. D&#8217;entre les rebudes, seleccionarem una o dues per cada tem\u00e0tica per a traslladar-les-hi en directe als representants de la companyia que hagin abordat aquest vector de transformaci\u00f3. La resta de q\u00fcestions que, per falta de temps, no es formulin al llarg de l&#8217;acte es traslladaran a les companyies perqu\u00e8 ens facin arribar les seves respostes que compartirem amb tots els col\u00b7legiats.<\/p><p>Us espero a tots per a gaudir, un any m\u00e9s, de la Setmana Mundial i de la fortuna que compartim de gaudir de la millor professi\u00f3 del m\u00f3n. Reservar la vostra pla\u00e7a en aquesta web.<\/p><p>Ens veiem el 2 d&#8217;octubre en l&#8217;MNAC.<\/p><p>Francesc Santasusana<\/p><p>Presidente del Col\u00b7legi de Mediadors d\u2019Assegurances de Barcelona<\/p>\t\t\t\t\t\t\t\t<\/div>\n\t\t\t\t<\/div>\n\t\t\t\t\t<\/div>\n\t\t<\/div>\n\t\t\t\t\t<\/div>\n\t\t<\/section>\n\t\t\t\t<section class=\"elementor-section elementor-top-section elementor-element elementor-element-bb05710 elementor-section-boxed elementor-section-height-default elementor-section-height-default\" data-id=\"bb05710\" data-element_type=\"section\">\n\t\t\t\t\t\t<div class=\"elementor-container elementor-column-gap-default\">\n\t\t\t\t\t<div class=\"aux-parallax-section elementor-column elementor-col-100 elementor-top-column elementor-element elementor-element-7c19e1c\" data-id=\"7c19e1c\" data-element_type=\"column\">\n\t\t\t<div class=\"elementor-widget-wrap elementor-element-populated\">\n\t\t\t\t\t\t<div class=\"elementor-element elementor-element-114cc08 elementor-widget elementor-widget-image\" data-id=\"114cc08\" data-element_type=\"widget\" data-widget_type=\"image.default\">\n\t\t\t\t<div class=\"elementor-widget-container\">\n\t\t\t\t\t\t\t\t\t\t\t\t\t\t\t<img decoding=\"async\" src=\"https:\/\/semanamundial.com\/wp-content\/uploads\/elementor\/thumbs\/signatura_santasusana-pcpj755l2vfw2amqwtot4lezbn0y0ypd8okhbjf1t4.jpg\" title=\"signatura_santasusana\" alt=\"signatura_santasusana\" loading=\"lazy\" \/>\t\t\t\t\t\t\t\t\t\t\t\t\t\t\t<\/div>\n\t\t\t\t<\/div>\n\t\t\t\t\t<\/div>\n\t\t<\/div>\n\t\t\t\t\t<\/div>\n\t\t<\/section>\n\t\t\t\t<\/div>\n\t\t","protected":false},"excerpt":{"rendered":"<p>La Setmana Mundial 2023 continua mirant al futur. L&#8217;any passat ens vam centrar en la innovaci\u00f3. En aquesta edici\u00f3, volem fixar-nos en con\u00e8ixer els aspectes m\u00e9s destacats dels vectors de canvi que estan modelant el mercat en el qual tots viurem els pr\u00f2xims anys. Con\u00e8ixer les tend\u00e8ncies emergents proporciona sempre un avantatge competitiu. Ens ajuda [&hellip;]<\/p>\n","protected":false},"author":2,"featured_media":0,"parent":0,"menu_order":0,"comment_status":"closed","ping_status":"closed","template":"elementor_header_footer","meta":{"footnotes":""},"class_list":["post-1152","page","type-page","status-publish","hentry"],"yoast_head":"<!-- This site is optimized with the Yoast SEO plugin v26.6 - https:\/\/yoast.com\/wordpress\/plugins\/seo\/ -->\n<title>Temps de Canvi - Semana Mundial 2025<\/title>\n<meta name=\"robots\" content=\"index, follow, max-snippet:-1, max-image-preview:large, max-video-preview:-1\" \/>\n<link rel=\"canonical\" href=\"https:\/\/semanamundial.com\/ca\/temps-de-canvi\/\" \/>\n<meta property=\"og:locale\" content=\"ca_ES\" \/>\n<meta property=\"og:type\" content=\"article\" \/>\n<meta property=\"og:title\" content=\"Temps de Canvi - Semana Mundial 2025\" \/>\n<meta property=\"og:description\" content=\"La Setmana Mundial 2023 continua mirant al futur. L&#8217;any passat ens vam centrar en la innovaci\u00f3. En aquesta edici\u00f3, volem fixar-nos en con\u00e8ixer els aspectes m\u00e9s destacats dels vectors de canvi que estan modelant el mercat en el qual tots viurem els pr\u00f2xims anys. Con\u00e8ixer les tend\u00e8ncies emergents proporciona sempre un avantatge competitiu. Ens ajuda [&hellip;]\" \/>\n<meta property=\"og:url\" content=\"https:\/\/semanamundial.com\/ca\/temps-de-canvi\/\" \/>\n<meta property=\"og:site_name\" content=\"Semana Mundial 2025\" \/>\n<meta property=\"article:modified_time\" content=\"2023-07-05T11:55:29+00:00\" \/>\n<meta property=\"og:image\" content=\"https:\/\/semanamundial.com\/wp-content\/uploads\/2023\/07\/pagina-Tiempos-de-Cambio.png\" \/>\n<meta name=\"twitter:card\" content=\"summary_large_image\" \/>\n<meta name=\"twitter:label1\" content=\"Temps estimat de lectura\" \/>\n\t<meta name=\"twitter:data1\" content=\"3 minuts\" \/>\n<script type=\"application\/ld+json\" class=\"yoast-schema-graph\">{\"@context\":\"https:\/\/schema.org\",\"@graph\":[{\"@type\":\"WebPage\",\"@id\":\"https:\/\/semanamundial.com\/ca\/temps-de-canvi\/\",\"url\":\"https:\/\/semanamundial.com\/ca\/temps-de-canvi\/\",\"name\":\"Temps de Canvi - Semana Mundial 2025\",\"isPartOf\":{\"@id\":\"https:\/\/semanamundial.com\/ca\/#website\"},\"primaryImageOfPage\":{\"@id\":\"https:\/\/semanamundial.com\/ca\/temps-de-canvi\/#primaryimage\"},\"image\":{\"@id\":\"https:\/\/semanamundial.com\/ca\/temps-de-canvi\/#primaryimage\"},\"thumbnailUrl\":\"https:\/\/semanamundial.com\/wp-content\/uploads\/2023\/07\/pagina-Tiempos-de-Cambio.png\",\"datePublished\":\"2023-07-05T10:55:40+00:00\",\"dateModified\":\"2023-07-05T11:55:29+00:00\",\"breadcrumb\":{\"@id\":\"https:\/\/semanamundial.com\/ca\/temps-de-canvi\/#breadcrumb\"},\"inLanguage\":\"ca\",\"potentialAction\":[{\"@type\":\"ReadAction\",\"target\":[\"https:\/\/semanamundial.com\/ca\/temps-de-canvi\/\"]}]},{\"@type\":\"ImageObject\",\"inLanguage\":\"ca\",\"@id\":\"https:\/\/semanamundial.com\/ca\/temps-de-canvi\/#primaryimage\",\"url\":\"https:\/\/semanamundial.com\/wp-content\/uploads\/2023\/07\/pagina-Tiempos-de-Cambio.png\",\"contentUrl\":\"https:\/\/semanamundial.com\/wp-content\/uploads\/2023\/07\/pagina-Tiempos-de-Cambio.png\"},{\"@type\":\"BreadcrumbList\",\"@id\":\"https:\/\/semanamundial.com\/ca\/temps-de-canvi\/#breadcrumb\",\"itemListElement\":[{\"@type\":\"ListItem\",\"position\":1,\"name\":\"Portada\",\"item\":\"https:\/\/semanamundial.com\/ca\/\"},{\"@type\":\"ListItem\",\"position\":2,\"name\":\"Temps de Canvi\"}]},{\"@type\":\"WebSite\",\"@id\":\"https:\/\/semanamundial.com\/ca\/#website\",\"url\":\"https:\/\/semanamundial.com\/ca\/\",\"name\":\"Semana Mundial 2025\",\"description\":\"\",\"publisher\":{\"@id\":\"https:\/\/semanamundial.com\/ca\/#organization\"},\"potentialAction\":[{\"@type\":\"SearchAction\",\"target\":{\"@type\":\"EntryPoint\",\"urlTemplate\":\"https:\/\/semanamundial.com\/ca\/?s={search_term_string}\"},\"query-input\":{\"@type\":\"PropertyValueSpecification\",\"valueRequired\":true,\"valueName\":\"search_term_string\"}}],\"inLanguage\":\"ca\"},{\"@type\":\"Organization\",\"@id\":\"https:\/\/semanamundial.com\/ca\/#organization\",\"name\":\"Semana Mundial 2025\",\"url\":\"https:\/\/semanamundial.com\/ca\/\",\"logo\":{\"@type\":\"ImageObject\",\"inLanguage\":\"ca\",\"@id\":\"https:\/\/semanamundial.com\/ca\/#\/schema\/logo\/image\/\",\"url\":\"https:\/\/semanamundial.com\/wp-content\/uploads\/2025\/03\/LOGOS-SM24-CAT-05-e1743008465107.png\",\"contentUrl\":\"https:\/\/semanamundial.com\/wp-content\/uploads\/2025\/03\/LOGOS-SM24-CAT-05-e1743008465107.png\",\"width\":150,\"height\":102,\"caption\":\"Semana Mundial 2025\"},\"image\":{\"@id\":\"https:\/\/semanamundial.com\/ca\/#\/schema\/logo\/image\/\"}}]}<\/script>\n<!-- \/ Yoast SEO plugin. -->","yoast_head_json":{"title":"Temps de Canvi - Semana Mundial 2025","robots":{"index":"index","follow":"follow","max-snippet":"max-snippet:-1","max-image-preview":"max-image-preview:large","max-video-preview":"max-video-preview:-1"},"canonical":"https:\/\/semanamundial.com\/ca\/temps-de-canvi\/","og_locale":"ca_ES","og_type":"article","og_title":"Temps de Canvi - Semana Mundial 2025","og_description":"La Setmana Mundial 2023 continua mirant al futur. L&#8217;any passat ens vam centrar en la innovaci\u00f3. En aquesta edici\u00f3, volem fixar-nos en con\u00e8ixer els aspectes m\u00e9s destacats dels vectors de canvi que estan modelant el mercat en el qual tots viurem els pr\u00f2xims anys. Con\u00e8ixer les tend\u00e8ncies emergents proporciona sempre un avantatge competitiu. Ens ajuda [&hellip;]","og_url":"https:\/\/semanamundial.com\/ca\/temps-de-canvi\/","og_site_name":"Semana Mundial 2025","article_modified_time":"2023-07-05T11:55:29+00:00","og_image":[{"url":"https:\/\/semanamundial.com\/wp-content\/uploads\/2023\/07\/pagina-Tiempos-de-Cambio.png","type":"","width":"","height":""}],"twitter_card":"summary_large_image","twitter_misc":{"Temps estimat de lectura":"3 minuts"},"schema":{"@context":"https:\/\/schema.org","@graph":[{"@type":"WebPage","@id":"https:\/\/semanamundial.com\/ca\/temps-de-canvi\/","url":"https:\/\/semanamundial.com\/ca\/temps-de-canvi\/","name":"Temps de Canvi - Semana Mundial 2025","isPartOf":{"@id":"https:\/\/semanamundial.com\/ca\/#website"},"primaryImageOfPage":{"@id":"https:\/\/semanamundial.com\/ca\/temps-de-canvi\/#primaryimage"},"image":{"@id":"https:\/\/semanamundial.com\/ca\/temps-de-canvi\/#primaryimage"},"thumbnailUrl":"https:\/\/semanamundial.com\/wp-content\/uploads\/2023\/07\/pagina-Tiempos-de-Cambio.png","datePublished":"2023-07-05T10:55:40+00:00","dateModified":"2023-07-05T11:55:29+00:00","breadcrumb":{"@id":"https:\/\/semanamundial.com\/ca\/temps-de-canvi\/#breadcrumb"},"inLanguage":"ca","potentialAction":[{"@type":"ReadAction","target":["https:\/\/semanamundial.com\/ca\/temps-de-canvi\/"]}]},{"@type":"ImageObject","inLanguage":"ca","@id":"https:\/\/semanamundial.com\/ca\/temps-de-canvi\/#primaryimage","url":"https:\/\/semanamundial.com\/wp-content\/uploads\/2023\/07\/pagina-Tiempos-de-Cambio.png","contentUrl":"https:\/\/semanamundial.com\/wp-content\/uploads\/2023\/07\/pagina-Tiempos-de-Cambio.png"},{"@type":"BreadcrumbList","@id":"https:\/\/semanamundial.com\/ca\/temps-de-canvi\/#breadcrumb","itemListElement":[{"@type":"ListItem","position":1,"name":"Portada","item":"https:\/\/semanamundial.com\/ca\/"},{"@type":"ListItem","position":2,"name":"Temps de Canvi"}]},{"@type":"WebSite","@id":"https:\/\/semanamundial.com\/ca\/#website","url":"https:\/\/semanamundial.com\/ca\/","name":"Semana Mundial 2025","description":"","publisher":{"@id":"https:\/\/semanamundial.com\/ca\/#organization"},"potentialAction":[{"@type":"SearchAction","target":{"@type":"EntryPoint","urlTemplate":"https:\/\/semanamundial.com\/ca\/?s={search_term_string}"},"query-input":{"@type":"PropertyValueSpecification","valueRequired":true,"valueName":"search_term_string"}}],"inLanguage":"ca"},{"@type":"Organization","@id":"https:\/\/semanamundial.com\/ca\/#organization","name":"Semana Mundial 2025","url":"https:\/\/semanamundial.com\/ca\/","logo":{"@type":"ImageObject","inLanguage":"ca","@id":"https:\/\/semanamundial.com\/ca\/#\/schema\/logo\/image\/","url":"https:\/\/semanamundial.com\/wp-content\/uploads\/2025\/03\/LOGOS-SM24-CAT-05-e1743008465107.png","contentUrl":"https:\/\/semanamundial.com\/wp-content\/uploads\/2025\/03\/LOGOS-SM24-CAT-05-e1743008465107.png","width":150,"height":102,"caption":"Semana Mundial 2025"},"image":{"@id":"https:\/\/semanamundial.com\/ca\/#\/schema\/logo\/image\/"}}]}},"_links":{"self":[{"href":"https:\/\/semanamundial.com\/ca\/wp-json\/wp\/v2\/pages\/1152","targetHints":{"allow":["GET"]}}],"collection":[{"href":"https:\/\/semanamundial.com\/ca\/wp-json\/wp\/v2\/pages"}],"about":[{"href":"https:\/\/semanamundial.com\/ca\/wp-json\/wp\/v2\/types\/page"}],"author":[{"embeddable":true,"href":"https:\/\/semanamundial.com\/ca\/wp-json\/wp\/v2\/users\/2"}],"replies":[{"embeddable":true,"href":"https:\/\/semanamundial.com\/ca\/wp-json\/wp\/v2\/comments?post=1152"}],"version-history":[{"count":7,"href":"https:\/\/semanamundial.com\/ca\/wp-json\/wp\/v2\/pages\/1152\/revisions"}],"predecessor-version":[{"id":1262,"href":"https:\/\/semanamundial.com\/ca\/wp-json\/wp\/v2\/pages\/1152\/revisions\/1262"}],"wp:attachment":[{"href":"https:\/\/semanamundial.com\/ca\/wp-json\/wp\/v2\/media?parent=1152"}],"curies":[{"name":"wp","href":"https:\/\/api.w.org\/{rel}","templated":true}]}}